{"id":382,"date":"2020-03-12T12:48:15","date_gmt":"2020-03-12T12:48:15","guid":{"rendered":"https:\/\/www.sus-gohr.de\/?page_id=382"},"modified":"2026-04-26T08:41:33","modified_gmt":"2026-04-26T08:41:33","slug":"verein","status":"publish","type":"page","link":"https:\/\/www.sus-gohr.de\/index.php\/verein\/","title":{"rendered":"Verein"},"content":{"rendered":"\t\t<div data-elementor-type=\"wp-page\" data-elementor-id=\"382\" class=\"elementor elementor-382\" data-elementor-post-type=\"page\">\n\t\t\t\t<div class=\"elementor-element elementor-element-a05146c e-flex e-con-boxed e-con e-parent\" data-id=\"a05146c\" data-element_type=\"container\" data-e-type=\"container\">\n\t\t\t\t\t<div class=\"e-con-inner\">\n\t\t\t\t<div class=\"elementor-element elementor-element-6072f9e elementor-widget elementor-widget-heading\" data-id=\"6072f9e\" data-element_type=\"widget\" data-e-type=\"widget\" data-widget_type=\"heading.default\">\n\t\t\t\t<div class=\"elementor-widget-container\">\n\t\t\t\t\t<h2 class=\"elementor-heading-title elementor-size-default\">Der gesch\u00e4ftsf\u00fchrende Vorstand<\/h2>\t\t\t\t<\/div>\n\t\t\t\t<\/div>\n\t\t\t\t\t<\/div>\n\t\t\t\t<\/div>\n\t\t<div class=\"elementor-element elementor-element-1a9cfd2 e-flex e-con-boxed e-con e-parent\" data-id=\"1a9cfd2\" data-element_type=\"container\" data-e-type=\"container\">\n\t\t\t\t\t<div class=\"e-con-inner\">\n\t\t\t\t<div class=\"elementor-element elementor-element-0292108 elementor-widget elementor-widget-image\" data-id=\"0292108\" data-element_type=\"widget\" data-e-type=\"widget\" data-widget_type=\"image.default\">\n\t\t\t\t<div class=\"elementor-widget-container\">\n\t\t\t\t\t\t\t\t\t\t\t\t\t\t\t<img fetchpriority=\"high\" decoding=\"async\" width=\"1024\" height=\"768\" src=\"https:\/\/www.sus-gohr.de\/wp-content\/uploads\/2026\/01\/PHOTO-2026-01-18-14-41-36-1024x768.jpg\" class=\"attachment-large size-large wp-image-7074\" alt=\"\" srcset=\"https:\/\/www.sus-gohr.de\/wp-content\/uploads\/2026\/01\/PHOTO-2026-01-18-14-41-36-1024x768.jpg 1024w, https:\/\/www.sus-gohr.de\/wp-content\/uploads\/2026\/01\/PHOTO-2026-01-18-14-41-36-300x225.jpg 300w, https:\/\/www.sus-gohr.de\/wp-content\/uploads\/2026\/01\/PHOTO-2026-01-18-14-41-36-768x576.jpg 768w, https:\/\/www.sus-gohr.de\/wp-content\/uploads\/2026\/01\/PHOTO-2026-01-18-14-41-36-1536x1152.jpg 1536w, https:\/\/www.sus-gohr.de\/wp-content\/uploads\/2026\/01\/PHOTO-2026-01-18-14-41-36.jpg 1600w\" sizes=\"(max-width: 1024px) 100vw, 1024px\" \/>\t\t\t\t\t\t\t\t\t\t\t\t\t\t\t<\/div>\n\t\t\t\t<\/div>\n\t\t\t\t\t<\/div>\n\t\t\t\t<\/div>\n\t\t\t\t<section class=\"elementor-section elementor-top-section elementor-element elementor-element-dcf3e65 elementor-section-boxed elementor-section-height-default elementor-section-height-default\" data-id=\"dcf3e65\" data-element_type=\"section\" data-e-type=\"section\">\n\t\t\t\t\t\t<div class=\"elementor-container elementor-column-gap-default\">\n\t\t\t\t\t<div class=\"elementor-column elementor-col-100 elementor-top-column elementor-element elementor-element-d4ac6c9\" data-id=\"d4ac6c9\" data-element_type=\"column\" data-e-type=\"column\">\n\t\t\t<div class=\"elementor-widget-wrap elementor-element-populated\">\n\t\t\t\t\t\t<div class=\"elementor-element elementor-element-abb1638 elementor-widget elementor-widget-spacer\" data-id=\"abb1638\" data-element_type=\"widget\" data-e-type=\"widget\" data-widget_type=\"spacer.default\">\n\t\t\t\t<div class=\"elementor-widget-container\">\n\t\t\t\t\t\t\t<div class=\"elementor-spacer\">\n\t\t\t<div class=\"elementor-spacer-inner\"><\/div>\n\t\t<\/div>\n\t\t\t\t\t\t<\/div>\n\t\t\t\t<\/div>\n\t\t\t\t\t<\/div>\n\t\t<\/div>\n\t\t\t\t\t<\/div>\n\t\t<\/section>\n\t\t<div class=\"elementor-element elementor-element-ab3789f e-flex e-con-boxed e-con e-parent\" data-id=\"ab3789f\" data-element_type=\"container\" data-e-type=\"container\">\n\t\t\t\t\t<div class=\"e-con-inner\">\n\t\t\t\t<div class=\"elementor-element elementor-element-5dbca58 elementor-widget elementor-widget-text-editor\" data-id=\"5dbca58\" data-element_type=\"widget\" data-e-type=\"widget\" data-widget_type=\"text-editor.default\">\n\t\t\t\t<div class=\"elementor-widget-container\">\n\t\t\t\t\t\t\t\t\t<p>v.l.n.r Holger Parmentier, Melanie Ming, Rene Woigk<\/p>\t\t\t\t\t\t\t\t<\/div>\n\t\t\t\t<\/div>\n\t\t\t\t\t<\/div>\n\t\t\t\t<\/div>\n\t\t\t\t<section class=\"elementor-section elementor-top-section elementor-element elementor-element-d631bb5 elementor-section-boxed elementor-section-height-default elementor-section-height-default\" data-id=\"d631bb5\" data-element_type=\"section\" data-e-type=\"section\">\n\t\t\t\t\t\t<div class=\"elementor-container elementor-column-gap-default\">\n\t\t\t\t\t<div class=\"elementor-column elementor-col-100 elementor-top-column elementor-element elementor-element-ddde76b\" data-id=\"ddde76b\" data-element_type=\"column\" data-e-type=\"column\">\n\t\t\t<div class=\"elementor-widget-wrap elementor-element-populated\">\n\t\t\t\t\t\t<div class=\"elementor-element elementor-element-a634616 elementor-widget-divider--view-line elementor-widget elementor-widget-divider\" data-id=\"a634616\" data-element_type=\"widget\" data-e-type=\"widget\" data-widget_type=\"divider.default\">\n\t\t\t\t<div class=\"elementor-widget-container\">\n\t\t\t\t\t\t\t<div class=\"elementor-divider\">\n\t\t\t<span class=\"elementor-divider-separator\">\n\t\t\t\t\t\t<\/span>\n\t\t<\/div>\n\t\t\t\t\t\t<\/div>\n\t\t\t\t<\/div>\n\t\t\t\t\t<\/div>\n\t\t<\/div>\n\t\t\t\t\t<\/div>\n\t\t<\/section>\n\t\t\t\t<section class=\"elementor-section elementor-top-section elementor-element elementor-element-8092425 elementor-section-boxed elementor-section-height-default elementor-section-height-default\" data-id=\"8092425\" data-element_type=\"section\" data-e-type=\"section\">\n\t\t\t\t\t\t\t<div class=\"elementor-background-overlay\"><\/div>\n\t\t\t\t\t\t\t<div class=\"elementor-container elementor-column-gap-default\">\n\t\t\t\t\t<div class=\"elementor-column elementor-col-100 elementor-top-column elementor-element elementor-element-1855bed\" data-id=\"1855bed\" data-element_type=\"column\" data-e-type=\"column\" data-settings=\"{&quot;background_background&quot;:&quot;classic&quot;}\">\n\t\t\t<div class=\"elementor-widget-wrap elementor-element-populated\">\n\t\t\t\t\t\t<section class=\"elementor-section elementor-inner-section elementor-element elementor-element-885a435 elementor-section-boxed elementor-section-height-default elementor-section-height-default\" data-id=\"885a435\" data-element_type=\"section\" data-e-type=\"section\">\n\t\t\t\t\t\t<div class=\"elementor-container elementor-column-gap-default\">\n\t\t\t\t\t<div class=\"elementor-column elementor-col-50 elementor-inner-column elementor-element elementor-element-d66240c\" data-id=\"d66240c\" data-element_type=\"column\" data-e-type=\"column\">\n\t\t\t<div class=\"elementor-widget-wrap elementor-element-populated\">\n\t\t\t\t\t\t<div class=\"elementor-element elementor-element-4d3a154 elementor-widget elementor-widget-heading\" data-id=\"4d3a154\" data-element_type=\"widget\" data-e-type=\"widget\" data-widget_type=\"heading.default\">\n\t\t\t\t<div class=\"elementor-widget-container\">\n\t\t\t\t\t<h2 class=\"elementor-heading-title elementor-size-default\">Melanie Ming - \nVorsitzende des SuS DJK 1930 Gohr e.V.<\/h2>\t\t\t\t<\/div>\n\t\t\t\t<\/div>\n\t\t\t\t<div class=\"elementor-element elementor-element-cf33a9d elementor-widget elementor-widget-image\" data-id=\"cf33a9d\" data-element_type=\"widget\" data-e-type=\"widget\" data-widget_type=\"image.default\">\n\t\t\t\t<div class=\"elementor-widget-container\">\n\t\t\t\t\t\t\t\t\t\t\t\t\t\t\t<img decoding=\"async\" width=\"200\" height=\"300\" src=\"https:\/\/www.sus-gohr.de\/wp-content\/uploads\/2024\/03\/IMG_5818-Medium-200x300.jpg\" class=\"attachment-medium size-medium wp-image-5397\" alt=\"\" srcset=\"https:\/\/www.sus-gohr.de\/wp-content\/uploads\/2024\/03\/IMG_5818-Medium-200x300.jpg 200w, https:\/\/www.sus-gohr.de\/wp-content\/uploads\/2024\/03\/IMG_5818-Medium-683x1024.jpg 683w, https:\/\/www.sus-gohr.de\/wp-content\/uploads\/2024\/03\/IMG_5818-Medium-rotated.jpg 768w\" sizes=\"(max-width: 200px) 100vw, 200px\" \/>\t\t\t\t\t\t\t\t\t\t\t\t\t\t\t<\/div>\n\t\t\t\t<\/div>\n\t\t\t\t\t<\/div>\n\t\t<\/div>\n\t\t\t\t<div class=\"elementor-column elementor-col-50 elementor-inner-column elementor-element elementor-element-e8aa636\" data-id=\"e8aa636\" data-element_type=\"column\" data-e-type=\"column\">\n\t\t\t<div class=\"elementor-widget-wrap elementor-element-populated\">\n\t\t\t\t\t\t<div class=\"elementor-element elementor-element-ff801e6 elementor-widget elementor-widget-text-editor\" data-id=\"ff801e6\" data-element_type=\"widget\" data-e-type=\"widget\" data-widget_type=\"text-editor.default\">\n\t\t\t\t<div class=\"elementor-widget-container\">\n\t\t\t\t\t\t\t\t\t<p>Melanie Ming ist bereits seit \u00fcber 40 Jahren Mitglied des Sportvereins SuS Gohr. Sie ist verheiratet und hat einen Sohn, der ebenfalls in unserem Sportverein in der Fu\u00dfballjugend aktiv ist. In ihrer Zeit als Sportlerin schn\u00fcrte Melanie ihre Fu\u00dfballschuhe in der Damenmannschaft des SV Hemmerden. Seit zwei Jahrzehnten leitet Sie mit viel Engagement und gro\u00dfem Erfolg die Abteilung der Fu\u00dfballjugend im SuS Gohr. Mit ihrer Wahl zur Vorsitzenden des Vereins ist sie die erste Frau in dieser Funktion in der Vereinsgeschichte.<\/p><p>Kontakt: m.ming@sus-gohr.de<\/p>\t\t\t\t\t\t\t\t<\/div>\n\t\t\t\t<\/div>\n\t\t\t\t\t<\/div>\n\t\t<\/div>\n\t\t\t\t\t<\/div>\n\t\t<\/section>\n\t\t\t\t<div class=\"elementor-element elementor-element-533301e elementor-widget elementor-widget-spacer\" data-id=\"533301e\" data-element_type=\"widget\" data-e-type=\"widget\" data-widget_type=\"spacer.default\">\n\t\t\t\t<div class=\"elementor-widget-container\">\n\t\t\t\t\t\t\t<div class=\"elementor-spacer\">\n\t\t\t<div class=\"elementor-spacer-inner\"><\/div>\n\t\t<\/div>\n\t\t\t\t\t\t<\/div>\n\t\t\t\t<\/div>\n\t\t\t\t<section class=\"elementor-section elementor-inner-section elementor-element elementor-element-6da3e31 elementor-section-boxed elementor-section-height-default elementor-section-height-default\" data-id=\"6da3e31\" data-element_type=\"section\" data-e-type=\"section\">\n\t\t\t\t\t\t<div class=\"elementor-container elementor-column-gap-default\">\n\t\t\t\t\t<div class=\"elementor-column elementor-col-50 elementor-inner-column elementor-element elementor-element-6c39809\" data-id=\"6c39809\" data-element_type=\"column\" data-e-type=\"column\">\n\t\t\t<div class=\"elementor-widget-wrap elementor-element-populated\">\n\t\t\t\t\t\t<div class=\"elementor-element elementor-element-87d2ea6 elementor-widget elementor-widget-heading\" data-id=\"87d2ea6\" data-element_type=\"widget\" data-e-type=\"widget\" data-widget_type=\"heading.default\">\n\t\t\t\t<div class=\"elementor-widget-container\">\n\t\t\t\t\t<h2 class=\"elementor-heading-title elementor-size-default\">Holger Parmentier - Gesch\u00e4ftsf\u00fchrer<\/h2>\t\t\t\t<\/div>\n\t\t\t\t<\/div>\n\t\t\t\t<div class=\"elementor-element elementor-element-3b93f68 elementor-widget elementor-widget-image\" data-id=\"3b93f68\" data-element_type=\"widget\" data-e-type=\"widget\" data-widget_type=\"image.default\">\n\t\t\t\t<div class=\"elementor-widget-container\">\n\t\t\t\t\t\t\t\t\t\t\t\t\t\t\t<img decoding=\"async\" width=\"215\" height=\"300\" src=\"https:\/\/www.sus-gohr.de\/wp-content\/uploads\/2026\/01\/Holger-Parmentier-215x300.jpg\" class=\"attachment-medium size-medium wp-image-7084\" alt=\"\" srcset=\"https:\/\/www.sus-gohr.de\/wp-content\/uploads\/2026\/01\/Holger-Parmentier-215x300.jpg 215w, https:\/\/www.sus-gohr.de\/wp-content\/uploads\/2026\/01\/Holger-Parmentier.jpg 394w\" sizes=\"(max-width: 215px) 100vw, 215px\" \/>\t\t\t\t\t\t\t\t\t\t\t\t\t\t\t<\/div>\n\t\t\t\t<\/div>\n\t\t\t\t\t<\/div>\n\t\t<\/div>\n\t\t\t\t<div class=\"elementor-column elementor-col-50 elementor-inner-column elementor-element elementor-element-cb7ce63\" data-id=\"cb7ce63\" data-element_type=\"column\" data-e-type=\"column\">\n\t\t\t<div class=\"elementor-widget-wrap elementor-element-populated\">\n\t\t\t\t\t\t<div class=\"elementor-element elementor-element-12adf80 elementor-widget elementor-widget-text-editor\" data-id=\"12adf80\" data-element_type=\"widget\" data-e-type=\"widget\" data-widget_type=\"text-editor.default\">\n\t\t\t\t<div class=\"elementor-widget-container\">\n\t\t\t\t\t\t\t\t\t<p>Holger Parmentier lebt seit seiner Geburt in Gohr, er ist verheiratet mit Carmen und hat 2 Kinder. Durch seinen Sohn ist er vor einigen Jahren wieder in den Verein gekommen. Als ausgesprochener Vereinsmensch ist er nicht nur Gesch\u00e4ftsf\u00fchrer des SuS, sondern auch durch sein Engagement beim LZ Gohr, unserem Sch\u00fctzenverein und der Karnvalsgesellschaft bekannt.Als Gesch\u00e4ftsf\u00fchrer des Sus Gohr kompletiert Holger den gesch\u00e4ftsf\u00fchrenden Vorstand um Melanie und Rene.<\/p><p>Kontakt: h.parmentier@sus-gohr.de<\/p><div class=\"w9EQhd \" aria-describedby=\"ttid-c2033\">\u00a0<\/div>\t\t\t\t\t\t\t\t<\/div>\n\t\t\t\t<\/div>\n\t\t\t\t\t<\/div>\n\t\t<\/div>\n\t\t\t\t\t<\/div>\n\t\t<\/section>\n\t\t\t\t<div class=\"elementor-element elementor-element-c4b83b4 elementor-widget elementor-widget-spacer\" data-id=\"c4b83b4\" data-element_type=\"widget\" data-e-type=\"widget\" data-widget_type=\"spacer.default\">\n\t\t\t\t<div class=\"elementor-widget-container\">\n\t\t\t\t\t\t\t<div class=\"elementor-spacer\">\n\t\t\t<div class=\"elementor-spacer-inner\"><\/div>\n\t\t<\/div>\n\t\t\t\t\t\t<\/div>\n\t\t\t\t<\/div>\n\t\t\t\t<section class=\"elementor-section elementor-inner-section elementor-element elementor-element-84ef65e elementor-section-boxed elementor-section-height-default elementor-section-height-default\" data-id=\"84ef65e\" data-element_type=\"section\" data-e-type=\"section\">\n\t\t\t\t\t\t<div class=\"elementor-container elementor-column-gap-default\">\n\t\t\t\t\t<div class=\"elementor-column elementor-col-50 elementor-inner-column elementor-element elementor-element-6625307\" data-id=\"6625307\" data-element_type=\"column\" data-e-type=\"column\">\n\t\t\t<div class=\"elementor-widget-wrap elementor-element-populated\">\n\t\t\t\t\t\t<div class=\"elementor-element elementor-element-018b36e elementor-widget elementor-widget-heading\" data-id=\"018b36e\" data-element_type=\"widget\" data-e-type=\"widget\" data-widget_type=\"heading.default\">\n\t\t\t\t<div class=\"elementor-widget-container\">\n\t\t\t\t\t<h2 class=\"elementor-heading-title elementor-size-default\">Rene Woigk - Vorstand Finanzen<\/h2>\t\t\t\t<\/div>\n\t\t\t\t<\/div>\n\t\t\t\t<div class=\"elementor-element elementor-element-13aa54e elementor-widget elementor-widget-image\" data-id=\"13aa54e\" data-element_type=\"widget\" data-e-type=\"widget\" data-widget_type=\"image.default\">\n\t\t\t\t<div class=\"elementor-widget-container\">\n\t\t\t\t\t\t\t\t\t\t\t\t\t\t\t<img loading=\"lazy\" decoding=\"async\" width=\"225\" height=\"300\" src=\"https:\/\/www.sus-gohr.de\/wp-content\/uploads\/2026\/01\/Rene-Woigk-225x300.jpg\" class=\"attachment-medium size-medium wp-image-7085\" alt=\"\" srcset=\"https:\/\/www.sus-gohr.de\/wp-content\/uploads\/2026\/01\/Rene-Woigk-225x300.jpg 225w, https:\/\/www.sus-gohr.de\/wp-content\/uploads\/2026\/01\/Rene-Woigk-300x400.jpg 300w, https:\/\/www.sus-gohr.de\/wp-content\/uploads\/2026\/01\/Rene-Woigk.jpg 394w\" sizes=\"(max-width: 225px) 100vw, 225px\" \/>\t\t\t\t\t\t\t\t\t\t\t\t\t\t\t<\/div>\n\t\t\t\t<\/div>\n\t\t\t\t\t<\/div>\n\t\t<\/div>\n\t\t\t\t<div class=\"elementor-column elementor-col-50 elementor-inner-column elementor-element elementor-element-d492818\" data-id=\"d492818\" data-element_type=\"column\" data-e-type=\"column\">\n\t\t\t<div class=\"elementor-widget-wrap elementor-element-populated\">\n\t\t\t\t\t\t<div class=\"elementor-element elementor-element-a09b5ec elementor-widget elementor-widget-text-editor\" data-id=\"a09b5ec\" data-element_type=\"widget\" data-e-type=\"widget\" data-widget_type=\"text-editor.default\">\n\t\t\t\t<div class=\"elementor-widget-container\">\n\t\t\t\t\t\t\t\t\t<table class=\"NormalTable\">\n<tbody>\n<tr>\n<td style=\"border: solid 1px #808080;\" width=\"550\">\n<p><span class=\"fontstyle0\">Rene Woigk wohnt seit&nbsp; 20 Jahren in Gohr, ist verheiratet mit Nadine und hat zwei Kinder. Rene`s Hobbys sind vielf\u00e4ltig, neben seinen sportlichen Aktivit\u00e4ten wie Fu\u00dfball, Golf und Radfahren, ist er auch ein ausgesprochener Karnevalsjeck. Er kompletiert den gesch\u00e4ftsf\u00fchrenden Vorstand um Melanie und Holger.<\/span><\/p>\n<p>Kontakt: <span style=\"font-family: inherit; font-size: inherit;\">finanzen@sus-gohr.de oder r.woigk@sus-gohr.de<\/span><\/p>\n<\/td>\n<\/tr>\n<\/tbody>\n<\/table>\t\t\t\t\t\t\t\t<\/div>\n\t\t\t\t<\/div>\n\t\t\t\t\t<\/div>\n\t\t<\/div>\n\t\t\t\t\t<\/div>\n\t\t<\/section>\n\t\t\t\t<div class=\"elementor-element elementor-element-27fcefe elementor-widget elementor-widget-spacer\" data-id=\"27fcefe\" data-element_type=\"widget\" data-e-type=\"widget\" data-widget_type=\"spacer.default\">\n\t\t\t\t<div class=\"elementor-widget-container\">\n\t\t\t\t\t\t\t<div class=\"elementor-spacer\">\n\t\t\t<div class=\"elementor-spacer-inner\"><\/div>\n\t\t<\/div>\n\t\t\t\t\t\t<\/div>\n\t\t\t\t<\/div>\n\t\t\t\t<div class=\"elementor-element elementor-element-b839861 elementor-widget elementor-widget-heading\" data-id=\"b839861\" data-element_type=\"widget\" data-e-type=\"widget\" data-widget_type=\"heading.default\">\n\t\t\t\t<div class=\"elementor-widget-container\">\n\t\t\t\t\t<h1 class=\"elementor-heading-title elementor-size-default\">Stellvertreter*innen<\/h1>\t\t\t\t<\/div>\n\t\t\t\t<\/div>\n\t\t\t\t<section class=\"elementor-section elementor-inner-section elementor-element elementor-element-3c30a84 elementor-section-boxed elementor-section-height-default elementor-section-height-default\" data-id=\"3c30a84\" data-element_type=\"section\" data-e-type=\"section\">\n\t\t\t\t\t\t<div class=\"elementor-container elementor-column-gap-default\">\n\t\t\t\t\t<div class=\"elementor-column elementor-col-100 elementor-inner-column elementor-element elementor-element-c8c96e9\" data-id=\"c8c96e9\" data-element_type=\"column\" data-e-type=\"column\">\n\t\t\t<div class=\"elementor-widget-wrap\">\n\t\t\t\t\t\t\t<\/div>\n\t\t<\/div>\n\t\t\t\t\t<\/div>\n\t\t<\/section>\n\t\t\t\t<section class=\"elementor-section elementor-inner-section elementor-element elementor-element-f04e6bd elementor-section-boxed elementor-section-height-default elementor-section-height-default\" data-id=\"f04e6bd\" data-element_type=\"section\" data-e-type=\"section\">\n\t\t\t\t\t\t<div class=\"elementor-container elementor-column-gap-default\">\n\t\t\t\t\t<div class=\"elementor-column elementor-col-50 elementor-inner-column elementor-element elementor-element-698e327\" data-id=\"698e327\" data-element_type=\"column\" data-e-type=\"column\">\n\t\t\t<div class=\"elementor-widget-wrap elementor-element-populated\">\n\t\t\t\t\t\t<div class=\"elementor-element elementor-element-164fd51 elementor-widget elementor-widget-heading\" data-id=\"164fd51\" data-element_type=\"widget\" data-e-type=\"widget\" data-widget_type=\"heading.default\">\n\t\t\t\t<div class=\"elementor-widget-container\">\n\t\t\t\t\t<h2 class=\"elementor-heading-title elementor-size-default\">Elvira Perow - Stellvertreterin Vorstand Finanzen <\/h2>\t\t\t\t<\/div>\n\t\t\t\t<\/div>\n\t\t\t\t<div class=\"elementor-element elementor-element-927459d elementor-widget elementor-widget-image\" data-id=\"927459d\" data-element_type=\"widget\" data-e-type=\"widget\" data-widget_type=\"image.default\">\n\t\t\t\t<div class=\"elementor-widget-container\">\n\t\t\t\t\t\t\t\t\t\t\t\t\t\t\t<img loading=\"lazy\" decoding=\"async\" width=\"199\" height=\"300\" src=\"https:\/\/www.sus-gohr.de\/wp-content\/uploads\/2024\/03\/IMG_5835-001-Medium-199x300.jpg\" class=\"attachment-medium size-medium wp-image-5402\" alt=\"\" srcset=\"https:\/\/www.sus-gohr.de\/wp-content\/uploads\/2024\/03\/IMG_5835-001-Medium-199x300.jpg 199w, https:\/\/www.sus-gohr.de\/wp-content\/uploads\/2024\/03\/IMG_5835-001-Medium-680x1024.jpg 680w, https:\/\/www.sus-gohr.de\/wp-content\/uploads\/2024\/03\/IMG_5835-001-Medium.jpg 768w\" sizes=\"(max-width: 199px) 100vw, 199px\" \/>\t\t\t\t\t\t\t\t\t\t\t\t\t\t\t<\/div>\n\t\t\t\t<\/div>\n\t\t\t\t\t<\/div>\n\t\t<\/div>\n\t\t\t\t<div class=\"elementor-column elementor-col-50 elementor-inner-column elementor-element elementor-element-48b73b9\" data-id=\"48b73b9\" data-element_type=\"column\" data-e-type=\"column\">\n\t\t\t<div class=\"elementor-widget-wrap elementor-element-populated\">\n\t\t\t\t\t\t<div class=\"elementor-element elementor-element-340e9fe elementor-widget elementor-widget-text-editor\" data-id=\"340e9fe\" data-element_type=\"widget\" data-e-type=\"widget\" data-widget_type=\"text-editor.default\">\n\t\t\t\t<div class=\"elementor-widget-container\">\n\t\t\t\t\t\t\t\t\t<p>Elvira Perow wohnt seit 16 Jahren in Gohr, ist verheiratet mit Stanislaus und hat 2 Kinder.Sie liebt Reisen, Wandern und Fahrradfahren. Durch ihre berufliche T\u00e4tigkeit als Steuerfachwirtin ist sie eine echte bereicherung im Vorstand Finanzen.\u00a0<\/p><p>Kontakt: finanzen@sus-gohr.de<\/p>\t\t\t\t\t\t\t\t<\/div>\n\t\t\t\t<\/div>\n\t\t\t\t\t<\/div>\n\t\t<\/div>\n\t\t\t\t\t<\/div>\n\t\t<\/section>\n\t\t\t\t<div class=\"elementor-element elementor-element-9c03ddd elementor-widget elementor-widget-spacer\" data-id=\"9c03ddd\" data-element_type=\"widget\" data-e-type=\"widget\" data-widget_type=\"spacer.default\">\n\t\t\t\t<div class=\"elementor-widget-container\">\n\t\t\t\t\t\t\t<div class=\"elementor-spacer\">\n\t\t\t<div class=\"elementor-spacer-inner\"><\/div>\n\t\t<\/div>\n\t\t\t\t\t\t<\/div>\n\t\t\t\t<\/div>\n\t\t\t\t<div class=\"elementor-element elementor-element-aca42ab e-transform elementor-widget elementor-widget-image\" data-id=\"aca42ab\" data-element_type=\"widget\" data-e-type=\"widget\" data-settings=\"{&quot;_transform_rotateZ_effect&quot;:{&quot;unit&quot;:&quot;px&quot;,&quot;size&quot;:&quot;&quot;,&quot;sizes&quot;:[]},&quot;_transform_rotateZ_effect_tablet&quot;:{&quot;unit&quot;:&quot;deg&quot;,&quot;size&quot;:&quot;&quot;,&quot;sizes&quot;:[]},&quot;_transform_rotateZ_effect_mobile&quot;:{&quot;unit&quot;:&quot;deg&quot;,&quot;size&quot;:&quot;&quot;,&quot;sizes&quot;:[]}}\" data-widget_type=\"image.default\">\n\t\t\t\t<div class=\"elementor-widget-container\">\n\t\t\t\t\t\t\t\t\t\t\t\t\t\t\t<img loading=\"lazy\" decoding=\"async\" width=\"816\" height=\"69\" src=\"https:\/\/www.sus-gohr.de\/wp-content\/uploads\/2024\/03\/Bild1.png\" class=\"attachment-large size-large wp-image-5366\" alt=\"\" srcset=\"https:\/\/www.sus-gohr.de\/wp-content\/uploads\/2024\/03\/Bild1.png 816w, https:\/\/www.sus-gohr.de\/wp-content\/uploads\/2024\/03\/Bild1-300x25.png 300w, https:\/\/www.sus-gohr.de\/wp-content\/uploads\/2024\/03\/Bild1-768x65.png 768w, https:\/\/www.sus-gohr.de\/wp-content\/uploads\/2024\/03\/Bild1-800x69.png 800w\" sizes=\"(max-width: 816px) 100vw, 816px\" \/>\t\t\t\t\t\t\t\t\t\t\t\t\t\t\t<\/div>\n\t\t\t\t<\/div>\n\t\t\t\t<div class=\"elementor-element elementor-element-98b92aa elementor-widget elementor-widget-spacer\" data-id=\"98b92aa\" data-element_type=\"widget\" data-e-type=\"widget\" data-widget_type=\"spacer.default\">\n\t\t\t\t<div class=\"elementor-widget-container\">\n\t\t\t\t\t\t\t<div class=\"elementor-spacer\">\n\t\t\t<div class=\"elementor-spacer-inner\"><\/div>\n\t\t<\/div>\n\t\t\t\t\t\t<\/div>\n\t\t\t\t<\/div>\n\t\t\t\t\t<\/div>\n\t\t<\/div>\n\t\t\t\t\t<\/div>\n\t\t<\/section>\n\t\t\t\t<section class=\"elementor-section elementor-top-section elementor-element elementor-element-fa3e0d0 elementor-section-boxed elementor-section-height-default elementor-section-height-default\" data-id=\"fa3e0d0\" data-element_type=\"section\" data-e-type=\"section\">\n\t\t\t\t\t\t<div class=\"elementor-container elementor-column-gap-default\">\n\t\t\t\t\t<div class=\"elementor-column elementor-col-100 elementor-top-column elementor-element elementor-element-ce2228c\" data-id=\"ce2228c\" data-element_type=\"column\" data-e-type=\"column\">\n\t\t\t<div class=\"elementor-widget-wrap elementor-element-populated\">\n\t\t\t\t\t\t<div class=\"elementor-element elementor-element-cef0736 elementor-widget elementor-widget-spacer\" data-id=\"cef0736\" data-element_type=\"widget\" data-e-type=\"widget\" data-widget_type=\"spacer.default\">\n\t\t\t\t<div class=\"elementor-widget-container\">\n\t\t\t\t\t\t\t<div class=\"elementor-spacer\">\n\t\t\t<div class=\"elementor-spacer-inner\"><\/div>\n\t\t<\/div>\n\t\t\t\t\t\t<\/div>\n\t\t\t\t<\/div>\n\t\t\t\t<div class=\"elementor-element elementor-element-9dd3f7f elementor-widget elementor-widget-heading\" data-id=\"9dd3f7f\" data-element_type=\"widget\" data-e-type=\"widget\" data-widget_type=\"heading.default\">\n\t\t\t\t<div class=\"elementor-widget-container\">\n\t\t\t\t\t<h2 class=\"elementor-heading-title elementor-size-default\">Jahreshauptversammlungen des SuS Gohr<\/h2>\t\t\t\t<\/div>\n\t\t\t\t<\/div>\n\t\t\t\t<div class=\"elementor-element elementor-element-c8ace47 elementor-widget elementor-widget-text-editor\" data-id=\"c8ace47\" data-element_type=\"widget\" data-e-type=\"widget\" data-widget_type=\"text-editor.default\">\n\t\t\t\t<div class=\"elementor-widget-container\">\n\t\t\t\t\t\t\t\t\t<ul><li>Protokoll der Jahreshauptversammlung 2025<a href=\"https:\/\/www.sus-gohr.de\/wp-content\/uploads\/2025\/04\/Protokoll-JHV-2025_fuer-web.pdf\"> <strong>[DOWNLOAD]<\/strong><\/a><\/li><li>Protokoll der Jahreshauptversammlung 2024<a href=\"https:\/\/www.sus-gohr.de\/wp-content\/uploads\/2024\/10\/Protokoll-JHV-2024-02.pdf\"> <strong>[DOWNLOAD]<\/strong><\/a><\/li><li>Protokoll der Jahreshauptversammlung 2023 <strong><a href=\"https:\/\/www.sus-gohr.de\/wp-content\/uploads\/2025\/04\/Protokoll-JHV-2023_fuer-Web-1.pdf\" target=\"_blank\" rel=\"noopener\">[DOWNLOAD]<\/a><\/strong><\/li><li>Protokoll der Jahreshauptversammlung 2022\u00a0 <a href=\"https:\/\/www.sus-gohr.de\/wp-content\/uploads\/2023\/09\/2023_09_25-JHV-Protokoll_2022.pdf\" target=\"_blank\" rel=\"noopener\"><strong>[DOWNLOAD]<\/strong><\/a><\/li><li>Protokoll der Jahreshauptversammlung 2021\u00a0 <a href=\"https:\/\/www.sus-gohr.de\/wp-content\/uploads\/2023\/09\/2023_09_25-JHV-Protokoll-2021-nicht-unterschrieben.pdf\" target=\"_blank\" rel=\"noopener\"><strong>[DOWNLOAD]<\/strong><\/a><\/li><li>Protokoll der Jahreshauptversammlung 2020\u00a0 <a href=\"https:\/\/www.sus-gohr.de\/wp-content\/uploads\/2023\/09\/2023_09_25-JHV-Protokoll_2020-ohne-Unterschriften.pdf\" target=\"_blank\" rel=\"noopener\"><strong>[DOWNLOAD]<\/strong><\/a><\/li><li>Protokoll der au\u00dferordentlichen Jahreshauptversammlung 2020\u00a0 <a href=\"https:\/\/www.sus-gohr.de\/wp-content\/uploads\/2023\/09\/2023_09_25-JHV-Protokoll_202_ausserordentlich_ohne-Unterschriften-1.pdf\" target=\"_blank\" rel=\"noopener\"><strong>[DOWNLOAD]<\/strong><\/a><\/li><\/ul>\t\t\t\t\t\t\t\t<\/div>\n\t\t\t\t<\/div>\n\t\t\t\t<div class=\"elementor-element elementor-element-3ca4063 elementor-widget-divider--view-line_icon elementor-view-default elementor-widget-divider--element-align-center elementor-widget elementor-widget-divider\" data-id=\"3ca4063\" data-element_type=\"widget\" data-e-type=\"widget\" data-widget_type=\"divider.default\">\n\t\t\t\t<div class=\"elementor-widget-container\">\n\t\t\t\t\t\t\t<div class=\"elementor-divider\">\n\t\t\t<span class=\"elementor-divider-separator\">\n\t\t\t\t\t\t\t<div class=\"elementor-icon elementor-divider__element\">\n\t\t\t\t\t<i aria-hidden=\"true\" class=\"fas fa-star\"><\/i><\/div>\n\t\t\t\t\t\t<\/span>\n\t\t<\/div>\n\t\t\t\t\t\t<\/div>\n\t\t\t\t<\/div>\n\t\t\t\t<div class=\"elementor-element elementor-element-9589e0c elementor-widget elementor-widget-heading\" data-id=\"9589e0c\" data-element_type=\"widget\" data-e-type=\"widget\" data-widget_type=\"heading.default\">\n\t\t\t\t<div class=\"elementor-widget-container\">\n\t\t\t\t\t<h2 class=\"elementor-heading-title elementor-size-default\">Die Datenschutzgrundverordnung der EU (2016) <\/h2>\t\t\t\t<\/div>\n\t\t\t\t<\/div>\n\t\t\t\t<div class=\"elementor-element elementor-element-768f707 elementor-widget elementor-widget-text-editor\" data-id=\"768f707\" data-element_type=\"widget\" data-e-type=\"widget\" data-widget_type=\"text-editor.default\">\n\t\t\t\t<div class=\"elementor-widget-container\">\n\t\t\t\t\t\t\t\t\t<p>Die DSGVO der Europ\u00e4ischen Union in der aktuellen Ausgabe (2016) kann hier eingesehen bzw. heruntergeladen werden<a href=\"https:\/\/www.sus-gohr.de\/wp-content\/uploads\/2025\/01\/SGV-Inhalt-_-Datenschutzgesetz-Nordrhein-Westfalen-DSG-NRW-_-RECHT.NRW_.DE_-2.pdf\" target=\"_blank\" rel=\"noopener\"><strong> [HIER KLICKEN]<\/strong><\/a><\/p>\t\t\t\t\t\t\t\t<\/div>\n\t\t\t\t<\/div>\n\t\t\t\t<div class=\"elementor-element elementor-element-78ae69f elementor-widget elementor-widget-spacer\" data-id=\"78ae69f\" data-element_type=\"widget\" data-e-type=\"widget\" data-widget_type=\"spacer.default\">\n\t\t\t\t<div class=\"elementor-widget-container\">\n\t\t\t\t\t\t\t<div class=\"elementor-spacer\">\n\t\t\t<div class=\"elementor-spacer-inner\"><\/div>\n\t\t<\/div>\n\t\t\t\t\t\t<\/div>\n\t\t\t\t<\/div>\n\t\t\t\t<div class=\"elementor-element elementor-element-6ec7d4b elementor-widget__width-initial elementor-widget elementor-widget-heading\" data-id=\"6ec7d4b\" data-element_type=\"widget\" data-e-type=\"widget\" data-widget_type=\"heading.default\">\n\t\t\t\t<div class=\"elementor-widget-container\">\n\t\t\t\t\t<h2 class=\"elementor-heading-title elementor-size-large\">Vereins-Dokumente<\/h2>\t\t\t\t<\/div>\n\t\t\t\t<\/div>\n\t\t\t\t\t<\/div>\n\t\t<\/div>\n\t\t\t\t\t<\/div>\n\t\t<\/section>\n\t\t\t\t<section class=\"elementor-section elementor-top-section elementor-element elementor-element-d05f01c elementor-section-boxed elementor-section-height-default elementor-section-height-default\" data-id=\"d05f01c\" data-element_type=\"section\" data-e-type=\"section\">\n\t\t\t\t\t\t<div class=\"elementor-container elementor-column-gap-default\">\n\t\t\t\t\t<div class=\"elementor-column elementor-col-50 elementor-top-column elementor-element elementor-element-48833ed\" data-id=\"48833ed\" data-element_type=\"column\" data-e-type=\"column\">\n\t\t\t<div class=\"elementor-widget-wrap\">\n\t\t\t\t\t\t\t<\/div>\n\t\t<\/div>\n\t\t\t\t<div class=\"elementor-column elementor-col-50 elementor-top-column elementor-element elementor-element-2db18c8\" data-id=\"2db18c8\" data-element_type=\"column\" data-e-type=\"column\">\n\t\t\t<div class=\"elementor-widget-wrap\">\n\t\t\t\t\t\t\t<\/div>\n\t\t<\/div>\n\t\t\t\t\t<\/div>\n\t\t<\/section>\n\t\t\t\t<section class=\"elementor-section elementor-top-section elementor-element elementor-element-73251f3 elementor-section-boxed elementor-section-height-default elementor-section-height-default\" data-id=\"73251f3\" data-element_type=\"section\" data-e-type=\"section\">\n\t\t\t\t\t\t<div class=\"elementor-container elementor-column-gap-default\">\n\t\t\t\t\t\t<\/div>\n\t\t<\/section>\n\t\t\t\t<section class=\"elementor-section elementor-top-section elementor-element elementor-element-e4f636c elementor-section-boxed elementor-section-height-default elementor-section-height-default\" data-id=\"e4f636c\" data-element_type=\"section\" data-e-type=\"section\">\n\t\t\t\t\t\t<div class=\"elementor-container elementor-column-gap-default\">\n\t\t\t\t\t<div class=\"elementor-column elementor-col-100 elementor-top-column elementor-element elementor-element-93d5674\" data-id=\"93d5674\" data-element_type=\"column\" data-e-type=\"column\">\n\t\t\t<div class=\"elementor-widget-wrap elementor-element-populated\">\n\t\t\t\t\t\t<div class=\"elementor-element elementor-element-7e7312e elementor-align-start elementor-widget__width-initial elementor-icon-list--layout-traditional elementor-list-item-link-full_width elementor-widget elementor-widget-icon-list\" data-id=\"7e7312e\" data-element_type=\"widget\" data-e-type=\"widget\" data-widget_type=\"icon-list.default\">\n\t\t\t\t<div class=\"elementor-widget-container\">\n\t\t\t\t\t\t\t<ul class=\"elementor-icon-list-items\">\n\t\t\t\t\t\t\t<li class=\"elementor-icon-list-item\">\n\t\t\t\t\t\t\t\t\t\t\t<a href=\"https:\/\/www.sus-gohr.de\/wp-content\/uploads\/2022\/01\/2021_08-Satzung-SuS-Gohr-1.pdf\" target=\"_blank\">\n\n\t\t\t\t\t\t\t\t\t\t\t\t<span class=\"elementor-icon-list-icon\">\n\t\t\t\t\t\t\t<i aria-hidden=\"true\" class=\"fas fa-check-circle\"><\/i>\t\t\t\t\t\t<\/span>\n\t\t\t\t\t\t\t\t\t\t<span class=\"elementor-icon-list-text\">Satzung des SuS Gohr<\/span>\n\t\t\t\t\t\t\t\t\t\t\t<\/a>\n\t\t\t\t\t\t\t\t\t<\/li>\n\t\t\t\t\t\t\t\t<li class=\"elementor-icon-list-item\">\n\t\t\t\t\t\t\t\t\t\t\t<a href=\"https:\/\/www.sus-gohr.de\/wp-content\/uploads\/2026\/03\/Anmeldeformular-SuS-Gohr-vom-4.2.26.pdf\" target=\"_blank\">\n\n\t\t\t\t\t\t\t\t\t\t\t\t<span class=\"elementor-icon-list-icon\">\n\t\t\t\t\t\t\t<i aria-hidden=\"true\" class=\"fas fa-check-circle\"><\/i>\t\t\t\t\t\t<\/span>\n\t\t\t\t\t\t\t\t\t\t<span class=\"elementor-icon-list-text\">Antrag auf Mitgliedschaft im SuS DJK 1930 Gohr e.V.<\/span>\n\t\t\t\t\t\t\t\t\t\t\t<\/a>\n\t\t\t\t\t\t\t\t\t<\/li>\n\t\t\t\t\t\t\t\t<li class=\"elementor-icon-list-item\">\n\t\t\t\t\t\t\t\t\t\t\t<a href=\"https:\/\/www.sus-gohr.de\/wp-content\/uploads\/2025\/01\/2025-01-26_Abmeldeformular-SuS-Gohr-vom-13.1.25-1.pdf\" target=\"_blank\">\n\n\t\t\t\t\t\t\t\t\t\t\t\t<span class=\"elementor-icon-list-icon\">\n\t\t\t\t\t\t\t<i aria-hidden=\"true\" class=\"fas fa-check-circle\"><\/i>\t\t\t\t\t\t<\/span>\n\t\t\t\t\t\t\t\t\t\t<span class=\"elementor-icon-list-text\">Abmeldung derMitgliedschaft<\/span>\n\t\t\t\t\t\t\t\t\t\t\t<\/a>\n\t\t\t\t\t\t\t\t\t<\/li>\n\t\t\t\t\t\t\t\t<li class=\"elementor-icon-list-item\">\n\t\t\t\t\t\t\t\t\t\t\t<a href=\"https:\/\/www.sus-gohr.de\/wp-content\/uploads\/2025\/03\/Foerderkreis-Senioren-Antrag-2025-neu.pdf\" target=\"_blank\">\n\n\t\t\t\t\t\t\t\t\t\t\t\t<span class=\"elementor-icon-list-icon\">\n\t\t\t\t\t\t\t<i aria-hidden=\"true\" class=\"fas fa-check-circle\"><\/i>\t\t\t\t\t\t<\/span>\n\t\t\t\t\t\t\t\t\t\t<span class=\"elementor-icon-list-text\">F\u00f6rderverein der Fu\u00dfballsenioren<\/span>\n\t\t\t\t\t\t\t\t\t\t\t<\/a>\n\t\t\t\t\t\t\t\t\t<\/li>\n\t\t\t\t\t\t\t\t<li class=\"elementor-icon-list-item\">\n\t\t\t\t\t\t\t\t\t\t\t<a href=\"https:\/\/www.sus-gohr.de\/wp-content\/uploads\/2023\/07\/Einverstaendniserklaerung-Anmeldung-07-2023.pdf\" target=\"_blank\">\n\n\t\t\t\t\t\t\t\t\t\t\t\t<span class=\"elementor-icon-list-icon\">\n\t\t\t\t\t\t\t<i aria-hidden=\"true\" class=\"fas fa-check-circle\"><\/i>\t\t\t\t\t\t<\/span>\n\t\t\t\t\t\t\t\t\t\t<span class=\"elementor-icon-list-text\">Einverst\u00e4ndniserkl\u00e4rung Kinder u. Jugendliche f\u00fcr den Sport<\/span>\n\t\t\t\t\t\t\t\t\t\t\t<\/a>\n\t\t\t\t\t\t\t\t\t<\/li>\n\t\t\t\t\t\t\t\t<li class=\"elementor-icon-list-item\">\n\t\t\t\t\t\t\t\t\t\t\t<a href=\"https:\/\/www.sus-gohr.de\/wp-content\/uploads\/2026\/01\/Neuer-Beitrag-ab-01.01.2026.pdf\" target=\"_blank\">\n\n\t\t\t\t\t\t\t\t\t\t\t\t<span class=\"elementor-icon-list-icon\">\n\t\t\t\t\t\t\t<i aria-hidden=\"true\" class=\"fas fa-check-circle\"><\/i>\t\t\t\t\t\t<\/span>\n\t\t\t\t\t\t\t\t\t\t<span class=\"elementor-icon-list-text\">Mitgliedsbeitr\u00e4ge<\/span>\n\t\t\t\t\t\t\t\t\t\t\t<\/a>\n\t\t\t\t\t\t\t\t\t<\/li>\n\t\t\t\t\t\t\t\t<li class=\"elementor-icon-list-item\">\n\t\t\t\t\t\t\t\t\t\t\t<a href=\"https:\/\/www.sus-gohr.de\/wp-content\/uploads\/2020\/05\/Sportst\u00e4tten-SuS-Gohr.pdf\">\n\n\t\t\t\t\t\t\t\t\t\t\t\t<span class=\"elementor-icon-list-icon\">\n\t\t\t\t\t\t\t<i aria-hidden=\"true\" class=\"fas fa-check-circle\"><\/i>\t\t\t\t\t\t<\/span>\n\t\t\t\t\t\t\t\t\t\t<span class=\"elementor-icon-list-text\">Unsere Sportanlagen<\/span>\n\t\t\t\t\t\t\t\t\t\t\t<\/a>\n\t\t\t\t\t\t\t\t\t<\/li>\n\t\t\t\t\t\t<\/ul>\n\t\t\t\t\t\t<\/div>\n\t\t\t\t<\/div>\n\t\t\t\t<div class=\"elementor-element elementor-element-23b3166 elementor-widget-divider--view-line_icon elementor-view-default elementor-widget-divider--element-align-center elementor-widget elementor-widget-divider\" data-id=\"23b3166\" data-element_type=\"widget\" data-e-type=\"widget\" data-widget_type=\"divider.default\">\n\t\t\t\t<div class=\"elementor-widget-container\">\n\t\t\t\t\t\t\t<div class=\"elementor-divider\">\n\t\t\t<span class=\"elementor-divider-separator\">\n\t\t\t\t\t\t\t<div class=\"elementor-icon elementor-divider__element\">\n\t\t\t\t\t<i aria-hidden=\"true\" class=\"fas fa-star\"><\/i><\/div>\n\t\t\t\t\t\t<\/span>\n\t\t<\/div>\n\t\t\t\t\t\t<\/div>\n\t\t\t\t<\/div>\n\t\t\t\t<div class=\"elementor-element elementor-element-96429eb elementor-widget elementor-widget-image\" data-id=\"96429eb\" data-element_type=\"widget\" data-e-type=\"widget\" data-widget_type=\"image.default\">\n\t\t\t\t<div class=\"elementor-widget-container\">\n\t\t\t\t\t\t\t\t\t\t\t\t\t\t\t<img loading=\"lazy\" decoding=\"async\" width=\"512\" height=\"745\" src=\"https:\/\/www.sus-gohr.de\/wp-content\/uploads\/2026\/04\/Foto-Organigram-neu.jpg\" class=\"attachment-medium_large size-medium_large wp-image-7246\" alt=\"\" srcset=\"https:\/\/www.sus-gohr.de\/wp-content\/uploads\/2026\/04\/Foto-Organigram-neu.jpg 512w, https:\/\/www.sus-gohr.de\/wp-content\/uploads\/2026\/04\/Foto-Organigram-neu-206x300.jpg 206w\" sizes=\"(max-width: 512px) 100vw, 512px\" \/>\t\t\t\t\t\t\t\t\t\t\t\t\t\t\t<\/div>\n\t\t\t\t<\/div>\n\t\t\t\t<div class=\"elementor-element elementor-element-a1404a4 elementor-widget-divider--view-line_icon elementor-view-default elementor-widget-divider--element-align-center elementor-widget elementor-widget-divider\" data-id=\"a1404a4\" data-element_type=\"widget\" data-e-type=\"widget\" data-widget_type=\"divider.default\">\n\t\t\t\t<div class=\"elementor-widget-container\">\n\t\t\t\t\t\t\t<div class=\"elementor-divider\">\n\t\t\t<span class=\"elementor-divider-separator\">\n\t\t\t\t\t\t\t<div class=\"elementor-icon elementor-divider__element\">\n\t\t\t\t\t<i aria-hidden=\"true\" class=\"fas fa-star\"><\/i><\/div>\n\t\t\t\t\t\t<\/span>\n\t\t<\/div>\n\t\t\t\t\t\t<\/div>\n\t\t\t\t<\/div>\n\t\t\t\t<div class=\"elementor-element elementor-element-1a17099 elementor-widget-divider--view-line elementor-widget elementor-widget-divider\" data-id=\"1a17099\" data-element_type=\"widget\" data-e-type=\"widget\" data-widget_type=\"divider.default\">\n\t\t\t\t<div class=\"elementor-widget-container\">\n\t\t\t\t\t\t\t<div class=\"elementor-divider\">\n\t\t\t<span class=\"elementor-divider-separator\">\n\t\t\t\t\t\t<\/span>\n\t\t<\/div>\n\t\t\t\t\t\t<\/div>\n\t\t\t\t<\/div>\n\t\t\t\t<section class=\"elementor-section elementor-inner-section elementor-element elementor-element-fa39151 elementor-section-boxed elementor-section-height-default elementor-section-height-default\" data-id=\"fa39151\" data-element_type=\"section\" data-e-type=\"section\">\n\t\t\t\t\t\t<div class=\"elementor-container elementor-column-gap-default\">\n\t\t\t\t\t<div class=\"elementor-column elementor-col-50 elementor-inner-column elementor-element elementor-element-b093f1b\" data-id=\"b093f1b\" data-element_type=\"column\" data-e-type=\"column\">\n\t\t\t<div class=\"elementor-widget-wrap elementor-element-populated\">\n\t\t\t\t\t\t<div class=\"elementor-element elementor-element-70882a0 elementor-widget__width-initial elementor-widget elementor-widget-heading\" data-id=\"70882a0\" data-element_type=\"widget\" data-e-type=\"widget\" data-widget_type=\"heading.default\">\n\t\t\t\t<div class=\"elementor-widget-container\">\n\t\t\t\t\t<h2 class=\"elementor-heading-title elementor-size-large\">Sportklause Gohr<\/h2>\t\t\t\t<\/div>\n\t\t\t\t<\/div>\n\t\t\t\t<div class=\"elementor-element elementor-element-ee2549e elementor-widget elementor-widget-text-editor\" data-id=\"ee2549e\" data-element_type=\"widget\" data-e-type=\"widget\" data-widget_type=\"text-editor.default\">\n\t\t\t\t<div class=\"elementor-widget-container\">\n\t\t\t\t\t\t\t\t\t<p><br \/><span style=\"color: #003300;\">Die Sportklause des SuS DJK Gohr bietet allen G\u00e4sten Snacks, Speisen und Getr\u00e4nke. Sie ist bei Ausw\u00e4rtsspielen der Treffpunkt, und nach einem Sieg kann man dort prima feiern. Selbstverst\u00e4ndlich finden dort auch Versammlungen und Vereinsfeste statt. Und f\u00fcr geschlossene Veranstaltungen ist die Sportklause ebenfalls nutzbar.<\/span><\/p><h2><span style=\"color: #003300;\">\u00d6ffnungszeiten:<\/span><\/h2><p><span style=\"color: #003300;\">Dienstag bis Samstag von 17.00h bis 23.00h<\/span><br \/><span style=\"color: #003300;\">Sonntags von 11.00h bis 14.00h und 17.00h bis 23.00h\u00a0ge\u00f6ffnet.<\/span><\/p><p><span style=\"color: #003300;\">Nur bei Heimspielen des SuS Gohr ist sie durchgehend ge\u00f6ffnet.<\/span><\/p><p><span style=\"color: #003300;\">Sie finden die Sportklause und die Vereinsanlage unter folgender Adresse:<\/span><br \/><span style=\"color: #003300;\">Bruchstr. 24\u00a0<\/span><br \/><span style=\"color: #003300;\">41452 Dormagen<\/span><br \/><span style=\"color: #003300;\">Tel.: 02182 &#8211; 6891<\/span><\/p>\t\t\t\t\t\t\t\t<\/div>\n\t\t\t\t<\/div>\n\t\t\t\t\t<\/div>\n\t\t<\/div>\n\t\t\t\t<div class=\"elementor-column elementor-col-50 elementor-inner-column elementor-element elementor-element-8898c38\" data-id=\"8898c38\" data-element_type=\"column\" data-e-type=\"column\">\n\t\t\t<div class=\"elementor-widget-wrap elementor-element-populated\">\n\t\t\t\t\t\t<div class=\"elementor-element elementor-element-926c475 elementor-widget elementor-widget-image\" data-id=\"926c475\" data-element_type=\"widget\" data-e-type=\"widget\" data-widget_type=\"image.default\">\n\t\t\t\t<div class=\"elementor-widget-container\">\n\t\t\t\t\t\t\t\t\t\t\t\t\t\t\t<img loading=\"lazy\" decoding=\"async\" width=\"768\" height=\"516\" src=\"https:\/\/www.sus-gohr.de\/wp-content\/uploads\/2020\/02\/sportklause-768x516.jpg\" class=\"attachment-medium_large size-medium_large wp-image-19\" alt=\"\" srcset=\"https:\/\/www.sus-gohr.de\/wp-content\/uploads\/2020\/02\/sportklause-768x516.jpg 768w, https:\/\/www.sus-gohr.de\/wp-content\/uploads\/2020\/02\/sportklause-300x201.jpg 300w, https:\/\/www.sus-gohr.de\/wp-content\/uploads\/2020\/02\/sportklause-e1589130636459.jpg 600w\" sizes=\"(max-width: 768px) 100vw, 768px\" \/>\t\t\t\t\t\t\t\t\t\t\t\t\t\t\t<\/div>\n\t\t\t\t<\/div>\n\t\t\t\t<div class=\"elementor-element elementor-element-a1cdf9d elementor-widget elementor-widget-heading\" data-id=\"a1cdf9d\" data-element_type=\"widget\" data-e-type=\"widget\" data-widget_type=\"heading.default\">\n\t\t\t\t<div class=\"elementor-widget-container\">\n\t\t\t\t\t<h2 class=\"elementor-heading-title elementor-size-default\">Unsere Wirtsleute Gabi und Hans Kleuskens \nfreuen sich \u00fcber Ihren Besuch.<\/h2>\t\t\t\t<\/div>\n\t\t\t\t<\/div>\n\t\t\t\t\t<\/div>\n\t\t<\/div>\n\t\t\t\t\t<\/div>\n\t\t<\/section>\n\t\t\t\t<div class=\"elementor-element elementor-element-bd95fb6 elementor-widget elementor-widget-spacer\" data-id=\"bd95fb6\" data-element_type=\"widget\" data-e-type=\"widget\" data-widget_type=\"spacer.default\">\n\t\t\t\t<div class=\"elementor-widget-container\">\n\t\t\t\t\t\t\t<div class=\"elementor-spacer\">\n\t\t\t<div class=\"elementor-spacer-inner\"><\/div>\n\t\t<\/div>\n\t\t\t\t\t\t<\/div>\n\t\t\t\t<\/div>\n\t\t\t\t<section class=\"elementor-section elementor-inner-section elementor-element elementor-element-b284bdb elementor-section-boxed elementor-section-height-default elementor-section-height-default\" data-id=\"b284bdb\" data-element_type=\"section\" data-e-type=\"section\">\n\t\t\t\t\t\t<div class=\"elementor-container elementor-column-gap-default\">\n\t\t\t\t\t<div class=\"elementor-column elementor-col-50 elementor-inner-column elementor-element elementor-element-8d5a57e\" data-id=\"8d5a57e\" data-element_type=\"column\" data-e-type=\"column\">\n\t\t\t<div class=\"elementor-widget-wrap elementor-element-populated\">\n\t\t\t\t\t\t<div class=\"elementor-element elementor-element-1dbe80b elementor-widget elementor-widget-text-editor\" data-id=\"1dbe80b\" data-element_type=\"widget\" data-e-type=\"widget\" data-widget_type=\"text-editor.default\">\n\t\t\t\t<div class=\"elementor-widget-container\">\n\t\t\t\t\t\t\t\t\t<p>Unsere Bankverbindungen bei der Volksbank:<\/p><p>DE35 3706 xxxx xxxx xxx0 14<\/p>\t\t\t\t\t\t\t\t<\/div>\n\t\t\t\t<\/div>\n\t\t\t\t\t<\/div>\n\t\t<\/div>\n\t\t\t\t<div class=\"elementor-column elementor-col-50 elementor-inner-column elementor-element elementor-element-ce14877\" data-id=\"ce14877\" data-element_type=\"column\" data-e-type=\"column\">\n\t\t\t<div class=\"elementor-widget-wrap elementor-element-populated\">\n\t\t\t\t\t\t<div class=\"elementor-element elementor-element-1e7ce71 elementor-widget elementor-widget-text-editor\" data-id=\"1e7ce71\" data-element_type=\"widget\" data-e-type=\"widget\" data-widget_type=\"text-editor.default\">\n\t\t\t\t<div class=\"elementor-widget-container\">\n\t\t\t\t\t\t\t\t\t<p>Unsere Bankverbindungen bei der Sparkasse Neuss:<\/p><p>DE70 3055 XXXX 0093 XXXX 40\u00a0 \u00a0<\/p>\t\t\t\t\t\t\t\t<\/div>\n\t\t\t\t<\/div>\n\t\t\t\t\t<\/div>\n\t\t<\/div>\n\t\t\t\t\t<\/div>\n\t\t<\/section>\n\t\t\t\t\t<\/div>\n\t\t<\/div>\n\t\t\t\t\t<\/div>\n\t\t<\/section>\n\t\t\t\t<section class=\"elementor-section elementor-top-section elementor-element elementor-element-9e54fd4 elementor-section-boxed elementor-section-height-default elementor-section-height-default\" data-id=\"9e54fd4\" data-element_type=\"section\" data-e-type=\"section\">\n\t\t\t\t\t\t<div class=\"elementor-container elementor-column-gap-default\">\n\t\t\t\t\t<div class=\"elementor-column elementor-col-100 elementor-top-column elementor-element elementor-element-4030a26\" data-id=\"4030a26\" data-element_type=\"column\" data-e-type=\"column\">\n\t\t\t<div class=\"elementor-widget-wrap elementor-element-populated\">\n\t\t\t\t\t\t<div class=\"elementor-element elementor-element-dd6a10a elementor-widget-divider--view-line_icon elementor-view-default elementor-widget-divider--element-align-center elementor-widget elementor-widget-divider\" data-id=\"dd6a10a\" data-element_type=\"widget\" data-e-type=\"widget\" data-widget_type=\"divider.default\">\n\t\t\t\t<div class=\"elementor-widget-container\">\n\t\t\t\t\t\t\t<div class=\"elementor-divider\">\n\t\t\t<span class=\"elementor-divider-separator\">\n\t\t\t\t\t\t\t<div class=\"elementor-icon elementor-divider__element\">\n\t\t\t\t\t<i aria-hidden=\"true\" class=\"fas fa-star\"><\/i><\/div>\n\t\t\t\t\t\t<\/span>\n\t\t<\/div>\n\t\t\t\t\t\t<\/div>\n\t\t\t\t<\/div>\n\t\t\t\t\t<\/div>\n\t\t<\/div>\n\t\t\t\t\t<\/div>\n\t\t<\/section>\n\t\t\t\t<\/div>\n\t\t","protected":false},"excerpt":{"rendered":"<p>Der gesch\u00e4ftsf\u00fchrende Vorstand v.l.n.r Holger Parmentier, Melanie Ming, Rene Woigk Melanie Ming &#8211; Vorsitzende des SuS DJK 1930 Gohr e.V. Melanie Ming ist bereits seit \u00fcber 40 Jahren Mitglied des Sportvereins SuS Gohr. Sie ist verheiratet und hat einen Sohn, der ebenfalls in unserem Sportverein in der Fu\u00dfballjugend aktiv ist. In ihrer Zeit als Sportlerin [&hellip;]<\/p>\n","protected":false},"author":1,"featured_media":0,"parent":0,"menu_order":0,"comment_status":"closed","ping_status":"closed","template":"elementor_header_footer","meta":{"ocean_post_layout":"","ocean_both_sidebars_style":"","ocean_both_sidebars_content_width":0,"ocean_both_sidebars_sidebars_width":0,"ocean_sidebar":"0","ocean_second_sidebar":"0","ocean_disable_margins":"enable","ocean_add_body_class":"","ocean_shortcode_before_top_bar":"","ocean_shortcode_after_top_bar":"","ocean_shortcode_before_header":"","ocean_shortcode_after_header":"","ocean_has_shortcode":"","ocean_shortcode_after_title":"","ocean_shortcode_before_footer_widgets":"","ocean_shortcode_after_footer_widgets":"","ocean_shortcode_before_footer_bottom":"","ocean_shortcode_after_footer_bottom":"","ocean_display_top_bar":"default","ocean_display_header":"default","ocean_header_style":"","ocean_center_header_left_menu":"0","ocean_custom_header_template":"0","ocean_custom_logo":0,"ocean_custom_retina_logo":0,"ocean_custom_logo_max_width":0,"ocean_custom_logo_tablet_max_width":0,"ocean_custom_logo_mobile_max_width":0,"ocean_custom_logo_max_height":0,"ocean_custom_logo_tablet_max_height":0,"ocean_custom_logo_mobile_max_height":0,"ocean_header_custom_menu":"0","ocean_menu_typo_font_family":"0","ocean_menu_typo_font_subset":"","ocean_menu_typo_font_size":0,"ocean_menu_typo_font_size_tablet":0,"ocean_menu_typo_font_size_mobile":0,"ocean_menu_typo_font_size_unit":"px","ocean_menu_typo_font_weight":"","ocean_menu_typo_font_weight_tablet":"","ocean_menu_typo_font_weight_mobile":"","ocean_menu_typo_transform":"","ocean_menu_typo_transform_tablet":"","ocean_menu_typo_transform_mobile":"","ocean_menu_typo_line_height":0,"ocean_menu_typo_line_height_tablet":0,"ocean_menu_typo_line_height_mobile":0,"ocean_menu_typo_line_height_unit":"","ocean_menu_typo_spacing":0,"ocean_menu_typo_spacing_tablet":0,"ocean_menu_typo_spacing_mobile":0,"ocean_menu_typo_spacing_unit":"","ocean_menu_link_color":"","ocean_menu_link_color_hover":"","ocean_menu_link_color_active":"","ocean_menu_link_background":"","ocean_menu_link_hover_background":"","ocean_menu_link_active_background":"","ocean_menu_social_links_bg":"","ocean_menu_social_hover_links_bg":"","ocean_menu_social_links_color":"","ocean_menu_social_hover_links_color":"","ocean_disable_title":"default","ocean_disable_heading":"default","ocean_post_title":"","ocean_post_subheading":"","ocean_post_title_style":"","ocean_post_title_background_color":"","ocean_post_title_background":0,"ocean_post_title_bg_image_position":"","ocean_post_title_bg_image_attachment":"","ocean_post_title_bg_image_repeat":"","ocean_post_title_bg_image_size":"","ocean_post_title_height":0,"ocean_post_title_bg_overlay":0.5,"ocean_post_title_bg_overlay_color":"","ocean_disable_breadcrumbs":"default","ocean_breadcrumbs_color":"","ocean_breadcrumbs_separator_color":"","ocean_breadcrumbs_links_color":"","ocean_breadcrumbs_links_hover_color":"","ocean_display_footer_widgets":"default","ocean_display_footer_bottom":"default","ocean_custom_footer_template":"0","footnotes":""},"class_list":["post-382","page","type-page","status-publish","hentry","entry"],"jetpack_sharing_enabled":true,"_links":{"self":[{"href":"https:\/\/www.sus-gohr.de\/index.php\/wp-json\/wp\/v2\/pages\/382","targetHints":{"allow":["GET"]}}],"collection":[{"href":"https:\/\/www.sus-gohr.de\/index.php\/wp-json\/wp\/v2\/pages"}],"about":[{"href":"https:\/\/www.sus-gohr.de\/index.php\/wp-json\/wp\/v2\/types\/page"}],"author":[{"embeddable":true,"href":"https:\/\/www.sus-gohr.de\/index.php\/wp-json\/wp\/v2\/users\/1"}],"replies":[{"embeddable":true,"href":"https:\/\/www.sus-gohr.de\/index.php\/wp-json\/wp\/v2\/comments?post=382"}],"version-history":[{"count":487,"href":"https:\/\/www.sus-gohr.de\/index.php\/wp-json\/wp\/v2\/pages\/382\/revisions"}],"predecessor-version":[{"id":7252,"href":"https:\/\/www.sus-gohr.de\/index.php\/wp-json\/wp\/v2\/pages\/382\/revisions\/7252"}],"wp:attachment":[{"href":"https:\/\/www.sus-gohr.de\/index.php\/wp-json\/wp\/v2\/media?parent=382"}],"curies":[{"name":"wp","href":"https:\/\/api.w.org\/{rel}","templated":true}]}}