{"id":709,"date":"2020-05-04T15:56:29","date_gmt":"2020-05-04T15:56:29","guid":{"rendered":"https:\/\/www.sus-gohr.de\/?page_id=709"},"modified":"2020-10-05T10:01:31","modified_gmt":"2020-10-05T10:01:31","slug":"boule-news-archiv-2020-05","status":"publish","type":"page","link":"https:\/\/www.sus-gohr.de\/index.php\/boule-ist-cool\/elementor-1147\/boule-news-archiv-2020-05\/","title":{"rendered":"Boule-News Archiv Mai 2020"},"content":{"rendered":"\t\t<div data-elementor-type=\"wp-page\" data-elementor-id=\"709\" class=\"elementor elementor-709\" data-elementor-post-type=\"page\">\n\t\t\t\t\t\t<section class=\"elementor-section elementor-top-section elementor-element elementor-element-aae2587 elementor-section-boxed elementor-section-height-default elementor-section-height-default\" data-id=\"aae2587\" data-element_type=\"section\" data-e-type=\"section\">\n\t\t\t\t\t\t<div class=\"elementor-container elementor-column-gap-default\">\n\t\t\t\t\t<div class=\"elementor-column elementor-col-100 elementor-top-column elementor-element elementor-element-36a6c6c\" data-id=\"36a6c6c\" data-element_type=\"column\" data-e-type=\"column\">\n\t\t\t<div class=\"elementor-widget-wrap elementor-element-populated\">\n\t\t\t\t\t\t<div class=\"elementor-element elementor-element-77748dd elementor-widget elementor-widget-heading\" data-id=\"77748dd\" data-element_type=\"widget\" data-e-type=\"widget\" data-widget_type=\"heading.default\">\n\t\t\t\t<div class=\"elementor-widget-container\">\n\t\t\t\t\t<h2 class=\"elementor-heading-title elementor-size-default\">Boule und P\u00e9tanque<\/h2>\t\t\t\t<\/div>\n\t\t\t\t<\/div>\n\t\t\t\t\t<\/div>\n\t\t<\/div>\n\t\t\t\t\t<\/div>\n\t\t<\/section>\n\t\t\t\t<section class=\"elementor-section elementor-top-section elementor-element elementor-element-2a4cf0d elementor-section-boxed elementor-section-height-default elementor-section-height-default\" data-id=\"2a4cf0d\" data-element_type=\"section\" data-e-type=\"section\">\n\t\t\t\t\t\t<div class=\"elementor-container elementor-column-gap-default\">\n\t\t\t\t\t<div class=\"elementor-column elementor-col-100 elementor-top-column elementor-element elementor-element-58c8ee0\" data-id=\"58c8ee0\" data-element_type=\"column\" data-e-type=\"column\">\n\t\t\t<div class=\"elementor-widget-wrap elementor-element-populated\">\n\t\t\t\t\t\t<div class=\"elementor-element elementor-element-dd5afb1 elementor-widget elementor-widget-heading\" data-id=\"dd5afb1\" data-element_type=\"widget\" data-e-type=\"widget\" data-widget_type=\"heading.default\">\n\t\t\t\t<div class=\"elementor-widget-container\">\n\t\t\t\t\t<h4 class=\"elementor-heading-title elementor-size-medium\"><h1>Endlich rollen die Kugeln wieder<\/h1><\/h4>\t\t\t\t<\/div>\n\t\t\t\t<\/div>\n\t\t\t\t<section class=\"elementor-section elementor-inner-section elementor-element elementor-element-14f238e elementor-section-boxed elementor-section-height-default elementor-section-height-default\" data-id=\"14f238e\" data-element_type=\"section\" data-e-type=\"section\">\n\t\t\t\t\t\t<div class=\"elementor-container elementor-column-gap-default\">\n\t\t\t\t\t<div class=\"elementor-column elementor-col-50 elementor-inner-column elementor-element elementor-element-b3fe0d5\" data-id=\"b3fe0d5\" data-element_type=\"column\" data-e-type=\"column\">\n\t\t\t<div class=\"elementor-widget-wrap elementor-element-populated\">\n\t\t\t\t\t\t<div class=\"elementor-element elementor-element-c3a23d7 elementor-widget elementor-widget-text-editor\" data-id=\"c3a23d7\" data-element_type=\"widget\" data-e-type=\"widget\" data-widget_type=\"text-editor.default\">\n\t\t\t\t<div class=\"elementor-widget-container\">\n\t\t\t\t\t\t\t\t\t<p><span style=\"font-family: Times New Roman, serif;\"><span style=\"font-size: medium;\">Seit Anfang des Jahres ist einiges bei den Gohrer Pinguinen passiert. Der Posten des Abteilungsleiters der Boule-Abteilung wurde mit Dieter Weise und Jo (Julien) Vanderhaegen als sein Stellvertreter neu besetzt. Bedingt durch die Corona-Krise war kein \u201enormaler\u201c Spielbetrieb m\u00f6glich und so konnten sie sich leider nicht um die anstehenden Turniere und Begegnungen mit anderen Vereinen k\u00fcmmern. Abgesagt werden mussten zum Beispiel ein Vergleichsspiel mit den Boule-Spielern aus St\u00fcrzelberg, das Oster-Preis-Boule und das Freundschaftsturnier gegen die Mannschaft von Adler Nierst. Auch die Spiele in der NRW-Liga und der Sommerliga mussten zumindest vorerst verschoben werden. Wir hoffen, dass im Laufe der zweiten Jahresh\u00e4lfte zumindest wieder kleinere Turniere \/ Begegnungen stattfinden k\u00f6nnen, was nat\u00fcrlich von den jeweiligen Bestimmungen abh\u00e4ngt. <\/span><\/span><\/p><p><span style=\"font-family: Times New Roman, serif;\"><span style=\"font-size: medium;\">Vor Ausbruch der Pandemie fand Anfang Februar noch<\/span><\/span><span style=\"font-family: Times New Roman, serif;\"><span style=\"font-size: medium;\"> ein sehr erfolgreiches Preis-Boule in Gohr statt. Es nahmen 37 Spieler teil, ein neuer Teilnehmerrekord. Mit dabei waren unter anderem Spieler der St\u00fcrzelberger Mannschaften und G\u00e4ste von Adler Nierst.<\/span><\/span><\/p>\t\t\t\t\t\t\t\t<\/div>\n\t\t\t\t<\/div>\n\t\t\t\t\t<\/div>\n\t\t<\/div>\n\t\t\t\t<div class=\"elementor-column elementor-col-50 elementor-inner-column elementor-element elementor-element-f1617aa\" data-id=\"f1617aa\" data-element_type=\"column\" data-e-type=\"column\">\n\t\t\t<div class=\"elementor-widget-wrap elementor-element-populated\">\n\t\t\t\t\t\t<div class=\"elementor-element elementor-element-268cbe6 elementor-widget elementor-widget-image\" data-id=\"268cbe6\" data-element_type=\"widget\" data-e-type=\"widget\" data-widget_type=\"image.default\">\n\t\t\t\t<div class=\"elementor-widget-container\">\n\t\t\t\t\t\t\t\t\t\t\t\t\t\t\t<img fetchpriority=\"high\" decoding=\"async\" width=\"768\" height=\"432\" src=\"https:\/\/www.sus-gohr.de\/wp-content\/uploads\/2020\/06\/Bild-1-Preis-Boule-08.02.20-768x432.jpg\" class=\"attachment-medium_large size-medium_large wp-image-1043\" alt=\"\" srcset=\"https:\/\/www.sus-gohr.de\/wp-content\/uploads\/2020\/06\/Bild-1-Preis-Boule-08.02.20-768x432.jpg 768w, https:\/\/www.sus-gohr.de\/wp-content\/uploads\/2020\/06\/Bild-1-Preis-Boule-08.02.20-300x169.jpg 300w, https:\/\/www.sus-gohr.de\/wp-content\/uploads\/2020\/06\/Bild-1-Preis-Boule-08.02.20-1024x576.jpg 1024w, https:\/\/www.sus-gohr.de\/wp-content\/uploads\/2020\/06\/Bild-1-Preis-Boule-08.02.20-1536x864.jpg 1536w, https:\/\/www.sus-gohr.de\/wp-content\/uploads\/2020\/06\/Bild-1-Preis-Boule-08.02.20-e1591125192796.jpg 800w\" sizes=\"(max-width: 768px) 100vw, 768px\" \/>\t\t\t\t\t\t\t\t\t\t\t\t\t\t\t<\/div>\n\t\t\t\t<\/div>\n\t\t\t\t\t<\/div>\n\t\t<\/div>\n\t\t\t\t\t<\/div>\n\t\t<\/section>\n\t\t\t\t<div class=\"elementor-element elementor-element-fbbc9bd elementor-widget elementor-widget-heading\" data-id=\"fbbc9bd\" data-element_type=\"widget\" data-e-type=\"widget\" data-widget_type=\"heading.default\">\n\t\t\t\t<div class=\"elementor-widget-container\">\n\t\t\t\t\t<h2 class=\"elementor-heading-title elementor-size-default\">Das Betreten des Gel\u00e4ndes des SuS Gohr und die Teilnahme an den Spielen und am Boule-Training  ist vorl\u00e4ufig ausschlie\u00dflich Mitgliedern des SuS Gohr gestattet.<\/h2>\t\t\t\t<\/div>\n\t\t\t\t<\/div>\n\t\t\t\t<section class=\"elementor-section elementor-inner-section elementor-element elementor-element-94adf60 elementor-section-boxed elementor-section-height-default elementor-section-height-default\" data-id=\"94adf60\" data-element_type=\"section\" data-e-type=\"section\">\n\t\t\t\t\t\t<div class=\"elementor-container elementor-column-gap-default\">\n\t\t\t\t\t<div class=\"elementor-column elementor-col-50 elementor-inner-column elementor-element elementor-element-b9c4cc4\" data-id=\"b9c4cc4\" data-element_type=\"column\" data-e-type=\"column\">\n\t\t\t<div class=\"elementor-widget-wrap elementor-element-populated\">\n\t\t\t\t\t\t<div class=\"elementor-element elementor-element-c9ded96 elementor-widget elementor-widget-image\" data-id=\"c9ded96\" data-element_type=\"widget\" data-e-type=\"widget\" data-widget_type=\"image.default\">\n\t\t\t\t<div class=\"elementor-widget-container\">\n\t\t\t\t\t\t\t\t\t\t\t\t\t\t\t<img decoding=\"async\" width=\"1024\" height=\"576\" src=\"https:\/\/www.sus-gohr.de\/wp-content\/uploads\/2020\/06\/Bild-3-\u00dcbergabe-Gewinner-des-Jahreswanderpoakals-M\u00e4nner-2019-Gerd-Hendricks-1024x576.jpg\" class=\"attachment-large size-large wp-image-1045\" alt=\"\" srcset=\"https:\/\/www.sus-gohr.de\/wp-content\/uploads\/2020\/06\/Bild-3-\u00dcbergabe-Gewinner-des-Jahreswanderpoakals-M\u00e4nner-2019-Gerd-Hendricks-1024x576.jpg 1024w, https:\/\/www.sus-gohr.de\/wp-content\/uploads\/2020\/06\/Bild-3-\u00dcbergabe-Gewinner-des-Jahreswanderpoakals-M\u00e4nner-2019-Gerd-Hendricks-300x169.jpg 300w, https:\/\/www.sus-gohr.de\/wp-content\/uploads\/2020\/06\/Bild-3-\u00dcbergabe-Gewinner-des-Jahreswanderpoakals-M\u00e4nner-2019-Gerd-Hendricks-768x432.jpg 768w, https:\/\/www.sus-gohr.de\/wp-content\/uploads\/2020\/06\/Bild-3-\u00dcbergabe-Gewinner-des-Jahreswanderpoakals-M\u00e4nner-2019-Gerd-Hendricks-1536x864.jpg 1536w, https:\/\/www.sus-gohr.de\/wp-content\/uploads\/2020\/06\/Bild-3-\u00dcbergabe-Gewinner-des-Jahreswanderpoakals-M\u00e4nner-2019-Gerd-Hendricks-e1591125144629.jpg 600w\" sizes=\"(max-width: 1024px) 100vw, 1024px\" \/>\t\t\t\t\t\t\t\t\t\t\t\t\t\t\t<\/div>\n\t\t\t\t<\/div>\n\t\t\t\t\t<\/div>\n\t\t<\/div>\n\t\t\t\t<div class=\"elementor-column elementor-col-50 elementor-inner-column elementor-element elementor-element-bfbb4f2\" data-id=\"bfbb4f2\" data-element_type=\"column\" data-e-type=\"column\">\n\t\t\t<div class=\"elementor-widget-wrap elementor-element-populated\">\n\t\t\t\t\t\t<div class=\"elementor-element elementor-element-41d3cf8 elementor-widget elementor-widget-text-editor\" data-id=\"41d3cf8\" data-element_type=\"widget\" data-e-type=\"widget\" data-widget_type=\"text-editor.default\">\n\t\t\t\t<div class=\"elementor-widget-container\">\n\t\t\t\t\t\t\t\t\t<p><span style=\"font-family: Times New Roman, serif;\"><span style=\"font-size: medium;\">Auch konnten die Gewinner des jeweiligen Jahreswanderpokals der Damen und der Herren ermittelt werden. Bei den Damen hat Hanne Vanderhaegen den Pokal f\u00fcr die Leistung im Jahr 2019 von Dieter Weise erhalten, bei den M\u00e4nnern Gerd Hendricks. Zus\u00e4tzlich wurde beiden noch eine Urkunde \u00fcberreicht.<\/span><\/span><\/p>\t\t\t\t\t\t\t\t<\/div>\n\t\t\t\t<\/div>\n\t\t\t\t\t<\/div>\n\t\t<\/div>\n\t\t\t\t\t<\/div>\n\t\t<\/section>\n\t\t\t\t\t<\/div>\n\t\t<\/div>\n\t\t\t\t\t<\/div>\n\t\t<\/section>\n\t\t\t\t<section class=\"elementor-section elementor-top-section elementor-element elementor-element-2b2f94a elementor-section-boxed elementor-section-height-default elementor-section-height-default\" data-id=\"2b2f94a\" data-element_type=\"section\" data-e-type=\"section\">\n\t\t\t\t\t\t<div class=\"elementor-container elementor-column-gap-default\">\n\t\t\t\t\t<div class=\"elementor-column elementor-col-100 elementor-top-column elementor-element elementor-element-e66b6f1\" data-id=\"e66b6f1\" data-element_type=\"column\" data-e-type=\"column\">\n\t\t\t<div class=\"elementor-widget-wrap elementor-element-populated\">\n\t\t\t\t\t\t<section class=\"elementor-section elementor-inner-section elementor-element elementor-element-3b5737e elementor-section-boxed elementor-section-height-default elementor-section-height-default\" data-id=\"3b5737e\" data-element_type=\"section\" data-e-type=\"section\">\n\t\t\t\t\t\t<div class=\"elementor-container elementor-column-gap-default\">\n\t\t\t\t\t<div class=\"elementor-column elementor-col-50 elementor-inner-column elementor-element elementor-element-e9be226\" data-id=\"e9be226\" data-element_type=\"column\" data-e-type=\"column\">\n\t\t\t<div class=\"elementor-widget-wrap elementor-element-populated\">\n\t\t\t\t\t\t<div class=\"elementor-element elementor-element-26ed709 elementor-widget elementor-widget-text-editor\" data-id=\"26ed709\" data-element_type=\"widget\" data-e-type=\"widget\" data-widget_type=\"text-editor.default\">\n\t\t\t\t<div class=\"elementor-widget-container\">\n\t\t\t\t\t\t\t\t\t<p><span style=\"font-family: Times New Roman, serif;\"><span style=\"font-size: medium;\">Seit dem Corona-Ausbruch und den damit verbundenen Hygiene- und <\/span><\/span><span style=\"color: #0000ff;\"><a href=\"https:\/\/www.infektionsschutz.de\/coronavirus\/verhaltensregeln.html\" target=\"_blank\" rel=\"noopener\"><span style=\"color: #000000;\"><span style=\"font-family: Times New Roman, serif;\"><span style=\"font-size: medium;\">Verhaltensregeln<\/span><\/span><\/span><\/a><\/span><span style=\"font-family: Times New Roman, serif;\"><span style=\"font-size: medium;\"> war es am 30. Mai 2020 endlich wieder m\u00f6glich, auf dem Sportplatz des SuS Gohr die Kugeln zu werfen. Die Freude der Vereinsmitglieder war gro\u00df und einige kamen, bei strahlendem Sonnenschein &#8211; nat\u00fcrlich unter Einhaltung der Vorgaben. Es war ein \u201eanderes\u201c Spielen als sonst, aber es hat allen viel Freude bereitet und es war ein weiterer kleiner Schritt in eine gewisse \u201eNormalit\u00e4t\u201c.<\/span><\/span><\/p>\t\t\t\t\t\t\t\t<\/div>\n\t\t\t\t<\/div>\n\t\t\t\t\t<\/div>\n\t\t<\/div>\n\t\t\t\t<div class=\"elementor-column elementor-col-50 elementor-inner-column elementor-element elementor-element-8b98f4b\" data-id=\"8b98f4b\" data-element_type=\"column\" data-e-type=\"column\">\n\t\t\t<div class=\"elementor-widget-wrap elementor-element-populated\">\n\t\t\t\t\t\t<div class=\"elementor-element elementor-element-a8869f9 elementor-widget elementor-widget-image\" data-id=\"a8869f9\" data-element_type=\"widget\" data-e-type=\"widget\" data-widget_type=\"image.default\">\n\t\t\t\t<div class=\"elementor-widget-container\">\n\t\t\t\t\t\t\t\t\t\t\t\t\t\t\t<img decoding=\"async\" width=\"768\" height=\"1024\" src=\"https:\/\/www.sus-gohr.de\/wp-content\/uploads\/2020\/06\/Bild-2-\u00dcbergabe-Gewinnerin-des-Jahreswanderpokals-2019-Hanne-Vanderhaegen-768x1024.jpg\" class=\"attachment-medium_large size-medium_large wp-image-1044\" alt=\"\" srcset=\"https:\/\/www.sus-gohr.de\/wp-content\/uploads\/2020\/06\/Bild-2-\u00dcbergabe-Gewinnerin-des-Jahreswanderpokals-2019-Hanne-Vanderhaegen-768x1024.jpg 768w, https:\/\/www.sus-gohr.de\/wp-content\/uploads\/2020\/06\/Bild-2-\u00dcbergabe-Gewinnerin-des-Jahreswanderpokals-2019-Hanne-Vanderhaegen-225x300.jpg 225w, https:\/\/www.sus-gohr.de\/wp-content\/uploads\/2020\/06\/Bild-2-\u00dcbergabe-Gewinnerin-des-Jahreswanderpokals-2019-Hanne-Vanderhaegen-e1591125175586.jpg 600w\" sizes=\"(max-width: 768px) 100vw, 768px\" \/>\t\t\t\t\t\t\t\t\t\t\t\t\t\t\t<\/div>\n\t\t\t\t<\/div>\n\t\t\t\t\t<\/div>\n\t\t<\/div>\n\t\t\t\t\t<\/div>\n\t\t<\/section>\n\t\t\t\t\t<\/div>\n\t\t<\/div>\n\t\t\t\t\t<\/div>\n\t\t<\/section>\n\t\t\t\t<section class=\"elementor-section elementor-top-section elementor-element elementor-element-504d414 elementor-section-boxed elementor-section-height-default elementor-section-height-default\" data-id=\"504d414\" data-element_type=\"section\" data-e-type=\"section\">\n\t\t\t\t\t\t<div class=\"elementor-container elementor-column-gap-default\">\n\t\t\t\t\t<div class=\"elementor-column elementor-col-50 elementor-top-column elementor-element elementor-element-7252247\" data-id=\"7252247\" data-element_type=\"column\" data-e-type=\"column\">\n\t\t\t<div class=\"elementor-widget-wrap elementor-element-populated\">\n\t\t\t\t\t\t<div class=\"elementor-element elementor-element-4bf5974 elementor-widget elementor-widget-image\" data-id=\"4bf5974\" data-element_type=\"widget\" data-e-type=\"widget\" data-widget_type=\"image.default\">\n\t\t\t\t<div class=\"elementor-widget-container\">\n\t\t\t\t\t\t\t\t\t\t\t\t\t\t\t<img loading=\"lazy\" decoding=\"async\" width=\"1024\" height=\"593\" src=\"https:\/\/www.sus-gohr.de\/wp-content\/uploads\/2020\/06\/Bild-4-1024x593.jpg\" class=\"attachment-large size-large wp-image-1046\" alt=\"\" srcset=\"https:\/\/www.sus-gohr.de\/wp-content\/uploads\/2020\/06\/Bild-4-1024x593.jpg 1024w, https:\/\/www.sus-gohr.de\/wp-content\/uploads\/2020\/06\/Bild-4-300x174.jpg 300w, https:\/\/www.sus-gohr.de\/wp-content\/uploads\/2020\/06\/Bild-4-768x445.jpg 768w, https:\/\/www.sus-gohr.de\/wp-content\/uploads\/2020\/06\/Bild-4-1536x890.jpg 1536w, https:\/\/www.sus-gohr.de\/wp-content\/uploads\/2020\/06\/Bild-4-e1591125126909.jpg 700w\" sizes=\"(max-width: 1024px) 100vw, 1024px\" \/>\t\t\t\t\t\t\t\t\t\t\t\t\t\t\t<\/div>\n\t\t\t\t<\/div>\n\t\t\t\t\t<\/div>\n\t\t<\/div>\n\t\t\t\t<div class=\"elementor-column elementor-col-50 elementor-top-column elementor-element elementor-element-9fc2777\" data-id=\"9fc2777\" data-element_type=\"column\" data-e-type=\"column\">\n\t\t\t<div class=\"elementor-widget-wrap elementor-element-populated\">\n\t\t\t\t\t\t<div class=\"elementor-element elementor-element-6f61bee elementor-widget elementor-widget-image\" data-id=\"6f61bee\" data-element_type=\"widget\" data-e-type=\"widget\" data-widget_type=\"image.default\">\n\t\t\t\t<div class=\"elementor-widget-container\">\n\t\t\t\t\t\t\t\t\t\t\t\t\t\t\t<img loading=\"lazy\" decoding=\"async\" width=\"198\" height=\"300\" src=\"https:\/\/www.sus-gohr.de\/wp-content\/uploads\/2020\/06\/Bild-5-198x300.jpg\" class=\"attachment-medium size-medium wp-image-1047\" alt=\"\" srcset=\"https:\/\/www.sus-gohr.de\/wp-content\/uploads\/2020\/06\/Bild-5-198x300.jpg 198w, https:\/\/www.sus-gohr.de\/wp-content\/uploads\/2020\/06\/Bild-5-674x1024.jpg 674w, https:\/\/www.sus-gohr.de\/wp-content\/uploads\/2020\/06\/Bild-5-768x1166.jpg 768w, https:\/\/www.sus-gohr.de\/wp-content\/uploads\/2020\/06\/Bild-5-1012x1536.jpg 1012w, https:\/\/www.sus-gohr.de\/wp-content\/uploads\/2020\/06\/Bild-5-e1591125103842.jpg 600w\" sizes=\"(max-width: 198px) 100vw, 198px\" \/>\t\t\t\t\t\t\t\t\t\t\t\t\t\t\t<\/div>\n\t\t\t\t<\/div>\n\t\t\t\t\t<\/div>\n\t\t<\/div>\n\t\t\t\t\t<\/div>\n\t\t<\/section>\n\t\t\t\t<section class=\"elementor-section elementor-top-section elementor-element elementor-element-59a9039 elementor-section-boxed elementor-section-height-default elementor-section-height-default\" data-id=\"59a9039\" data-element_type=\"section\" data-e-type=\"section\">\n\t\t\t\t\t\t<div class=\"elementor-container elementor-column-gap-default\">\n\t\t\t\t\t<div class=\"elementor-column elementor-col-50 elementor-top-column elementor-element elementor-element-5c01087\" data-id=\"5c01087\" data-element_type=\"column\" data-e-type=\"column\">\n\t\t\t<div class=\"elementor-widget-wrap elementor-element-populated\">\n\t\t\t\t\t\t<div class=\"elementor-element elementor-element-76dabf8 elementor-widget elementor-widget-text-editor\" data-id=\"76dabf8\" data-element_type=\"widget\" data-e-type=\"widget\" data-widget_type=\"text-editor.default\">\n\t\t\t\t<div class=\"elementor-widget-container\">\n\t\t\t\t\t\t\t\t\t<p><span style=\"font-family: Times New Roman, serif;\"><span style=\"font-size: medium;\">Unser Jahresangebot umfasst die Spieltage Dienstag, Donnerstag und Samstag jeweils ab 14.00 Uhr. Das Preis-Boule findet jeden zweiten Samstag im Monat statt. Beginn ist auch hier 14.00 Uhr. Das Preisgeld wird zur H\u00e4lfte an die Gewinner ausgesch\u00fcttet. <\/span><\/span><span style=\"font-family: Times New Roman, serif;\"><span style=\"font-size: medium;\"><b>Bitte erkundigen Sie sich immer vorher \u00fcber die aktuellen Vorgaben \/ Hygiene- und <\/b><\/span><\/span><span style=\"color: #0000ff;\"><span style=\"color: #000000;\"><span style=\"font-family: Times New Roman, serif;\"><span style=\"font-size: medium;\"><b><a href=\"https:\/\/www.infektionsschutz.de\/coronavirus\/verhaltensregeln.html\" target=\"_blank\" rel=\"noopener\">Verhaltensregeln<\/a>. <\/b><\/span><\/span><\/span><\/span><span style=\"font-family: Times New Roman, serif;\"><span style=\"font-size: medium;\"><b>Ein gem\u00fctliches \u201eApr\u00e8s Boule&#8220; nach jedem Spieltag ist momentan leider nicht m\u00f6glich.<\/b><\/span><\/span><span style=\"font-family: Times New Roman, serif;\"><span style=\"font-size: medium;\"> Interessierte sind jederzeit herzlich willkommen. <\/span><\/span><\/p>\t\t\t\t\t\t\t\t<\/div>\n\t\t\t\t<\/div>\n\t\t\t\t\t<\/div>\n\t\t<\/div>\n\t\t\t\t<div class=\"elementor-column elementor-col-50 elementor-top-column elementor-element elementor-element-ecf087d\" data-id=\"ecf087d\" data-element_type=\"column\" data-e-type=\"column\">\n\t\t\t<div class=\"elementor-widget-wrap elementor-element-populated\">\n\t\t\t\t\t\t<div class=\"elementor-element elementor-element-4ae251a elementor-widget elementor-widget-text-editor\" data-id=\"4ae251a\" data-element_type=\"widget\" data-e-type=\"widget\" data-widget_type=\"text-editor.default\">\n\t\t\t\t<div class=\"elementor-widget-container\">\n\t\t\t\t\t\t\t\t\t<p><a name=\"_GoBack\"><\/a> <span style=\"font-family: Times New Roman, serif;\"><span style=\"font-size: medium;\">Ein weiteres sch\u00f6nes Ereignis fand Mitte Mai in Rommerskirchen statt. Unser Pinguin Gerd Hendricks gab seiner Agnes das Ja-Wort. Auch das Wetter spielte mit und die Pinguine empfingen die frisch Verm\u00e4hlten mit einem Spalier vor dem Rathaus. Wir gratulieren den beiden ganz herzlich und w\u00fcnschen ihnen alles Gute f\u00fcr ihren, von nun an gemeinsamen, Lebensweg.<\/span><\/span><\/p>\t\t\t\t\t\t\t\t<\/div>\n\t\t\t\t<\/div>\n\t\t\t\t\t<\/div>\n\t\t<\/div>\n\t\t\t\t\t<\/div>\n\t\t<\/section>\n\t\t\t\t<section class=\"elementor-section elementor-top-section elementor-element elementor-element-83cadd0 elementor-section-boxed elementor-section-height-default elementor-section-height-default\" data-id=\"83cadd0\" data-element_type=\"section\" data-e-type=\"section\">\n\t\t\t\t\t\t<div class=\"elementor-container elementor-column-gap-default\">\n\t\t\t\t\t<div class=\"elementor-column elementor-col-100 elementor-top-column elementor-element elementor-element-5865073\" data-id=\"5865073\" data-element_type=\"column\" data-e-type=\"column\">\n\t\t\t<div class=\"elementor-widget-wrap elementor-element-populated\">\n\t\t\t\t\t\t<div class=\"elementor-element elementor-element-2544fbf elementor-widget elementor-widget-text-editor\" data-id=\"2544fbf\" data-element_type=\"widget\" data-e-type=\"widget\" data-widget_type=\"text-editor.default\">\n\t\t\t\t<div class=\"elementor-widget-container\">\n\t\t\t\t\t\t\t\t\t<p style=\"text-align: right;\">Texte und Bilder: Kirsten L\u00f6bel, Abteilung Boule des SuS Gohr<\/p>\t\t\t\t\t\t\t\t<\/div>\n\t\t\t\t<\/div>\n\t\t\t\t\t<\/div>\n\t\t<\/div>\n\t\t\t\t\t<\/div>\n\t\t<\/section>\n\t\t\t\t<\/div>\n\t\t","protected":false},"excerpt":{"rendered":"<p>Boule und P\u00e9tanque Endlich rollen die Kugeln wieder Seit Anfang des Jahres ist einiges bei den Gohrer Pinguinen passiert. Der Posten des Abteilungsleiters der Boule-Abteilung wurde mit Dieter Weise und Jo (Julien) Vanderhaegen als sein Stellvertreter neu besetzt. Bedingt durch die Corona-Krise war kein \u201enormaler\u201c Spielbetrieb m\u00f6glich und so konnten sie sich leider nicht um [&hellip;]<\/p>\n","protected":false},"author":1,"featured_media":0,"parent":1147,"menu_order":0,"comment_status":"closed","ping_status":"closed","template":"elementor_header_footer","meta":{"ocean_post_layout":"","ocean_both_sidebars_style":"","ocean_both_sidebars_content_width":0,"ocean_both_sidebars_sidebars_width":0,"ocean_sidebar":"0","ocean_second_sidebar":"0","ocean_disable_margins":"enable","ocean_add_body_class":"","ocean_shortcode_before_top_bar":"","ocean_shortcode_after_top_bar":"","ocean_shortcode_before_header":"","ocean_shortcode_after_header":"","ocean_has_shortcode":"","ocean_shortcode_after_title":"","ocean_shortcode_before_footer_widgets":"","ocean_shortcode_after_footer_widgets":"","ocean_shortcode_before_footer_bottom":"","ocean_shortcode_after_footer_bottom":"","ocean_display_top_bar":"default","ocean_display_header":"default","ocean_header_style":"","ocean_center_header_left_menu":"0","ocean_custom_header_template":"0","ocean_custom_logo":0,"ocean_custom_retina_logo":0,"ocean_custom_logo_max_width":0,"ocean_custom_logo_tablet_max_width":0,"ocean_custom_logo_mobile_max_width":0,"ocean_custom_logo_max_height":0,"ocean_custom_logo_tablet_max_height":0,"ocean_custom_logo_mobile_max_height":0,"ocean_header_custom_menu":"0","ocean_menu_typo_font_family":"0","ocean_menu_typo_font_subset":"","ocean_menu_typo_font_size":0,"ocean_menu_typo_font_size_tablet":0,"ocean_menu_typo_font_size_mobile":0,"ocean_menu_typo_font_size_unit":"px","ocean_menu_typo_font_weight":"","ocean_menu_typo_font_weight_tablet":"","ocean_menu_typo_font_weight_mobile":"","ocean_menu_typo_transform":"","ocean_menu_typo_transform_tablet":"","ocean_menu_typo_transform_mobile":"","ocean_menu_typo_line_height":0,"ocean_menu_typo_line_height_tablet":0,"ocean_menu_typo_line_height_mobile":0,"ocean_menu_typo_line_height_unit":"","ocean_menu_typo_spacing":0,"ocean_menu_typo_spacing_tablet":0,"ocean_menu_typo_spacing_mobile":0,"ocean_menu_typo_spacing_unit":"","ocean_menu_link_color":"","ocean_menu_link_color_hover":"","ocean_menu_link_color_active":"","ocean_menu_link_background":"","ocean_menu_link_hover_background":"","ocean_menu_link_active_background":"","ocean_menu_social_links_bg":"","ocean_menu_social_hover_links_bg":"","ocean_menu_social_links_color":"","ocean_menu_social_hover_links_color":"","ocean_disable_title":"default","ocean_disable_heading":"default","ocean_post_title":"","ocean_post_subheading":"","ocean_post_title_style":"","ocean_post_title_background_color":"","ocean_post_title_background":0,"ocean_post_title_bg_image_position":"","ocean_post_title_bg_image_attachment":"","ocean_post_title_bg_image_repeat":"","ocean_post_title_bg_image_size":"","ocean_post_title_height":0,"ocean_post_title_bg_overlay":0.5,"ocean_post_title_bg_overlay_color":"","ocean_disable_breadcrumbs":"default","ocean_breadcrumbs_color":"","ocean_breadcrumbs_separator_color":"","ocean_breadcrumbs_links_color":"","ocean_breadcrumbs_links_hover_color":"","ocean_display_footer_widgets":"default","ocean_display_footer_bottom":"default","ocean_custom_footer_template":"0","footnotes":""},"class_list":["post-709","page","type-page","status-publish","hentry","entry"],"jetpack_sharing_enabled":true,"_links":{"self":[{"href":"https:\/\/www.sus-gohr.de\/index.php\/wp-json\/wp\/v2\/pages\/709","targetHints":{"allow":["GET"]}}],"collection":[{"href":"https:\/\/www.sus-gohr.de\/index.php\/wp-json\/wp\/v2\/pages"}],"about":[{"href":"https:\/\/www.sus-gohr.de\/index.php\/wp-json\/wp\/v2\/types\/page"}],"author":[{"embeddable":true,"href":"https:\/\/www.sus-gohr.de\/index.php\/wp-json\/wp\/v2\/users\/1"}],"replies":[{"embeddable":true,"href":"https:\/\/www.sus-gohr.de\/index.php\/wp-json\/wp\/v2\/comments?post=709"}],"version-history":[{"count":18,"href":"https:\/\/www.sus-gohr.de\/index.php\/wp-json\/wp\/v2\/pages\/709\/revisions"}],"predecessor-version":[{"id":1251,"href":"https:\/\/www.sus-gohr.de\/index.php\/wp-json\/wp\/v2\/pages\/709\/revisions\/1251"}],"up":[{"embeddable":true,"href":"https:\/\/www.sus-gohr.de\/index.php\/wp-json\/wp\/v2\/pages\/1147"}],"wp:attachment":[{"href":"https:\/\/www.sus-gohr.de\/index.php\/wp-json\/wp\/v2\/media?parent=709"}],"curies":[{"name":"wp","href":"https:\/\/api.w.org\/{rel}","templated":true}]}}